{"id":4782,"date":"2015-05-25T19:54:48","date_gmt":"2015-05-25T18:54:48","guid":{"rendered":"https:\/\/knezevi-vinogradi.hr\/?page_id=4782"},"modified":"2020-04-15T09:49:20","modified_gmt":"2020-04-15T08:49:20","slug":"magunkrol","status":"publish","type":"page","link":"https:\/\/knezevi-vinogradi.hr\/hu\/onkormanyzat\/magunkrol\/","title":{"rendered":"Magunkr\u00f3l"},"content":{"rendered":"<p><strong>A Hercegsz\u00f6ll\u0151si J\u00e1r\u00e1st<\/strong>, mint Esz\u00e9k-Baranya Megye \u00f6nigazgat\u00e1si egys\u00e9g\u00e9t 1992.12.30-\u00e1n alap\u00edtott\u00e1k, miut\u00e1n joger\u0151re emelkedett a Megy\u00e9kr\u0151l, V\u00e1rosokr\u00f3l \u00e9s J\u00e1r\u00e1sokr\u00f3l Sz\u00f3l\u00f3 T\u00f6rv\u00e9ny Horv\u00e1torsz\u00e1gban (Hivatalos K\u00f6zl\u00f6ny 90\/92 sz.). Azel\u0151tt az egykori P\u00e9lmonostori J\u00e1r\u00e1shoz tartozott. Esz\u00e9ken a sz\u00e1m\u0171zet\u00e9sben 1993. junius\u00e1ban az \u00fcl\u00e9sen alap\u00edtott.<\/p>\n<p>A Hercegsz\u00f6ll\u0151si J\u00e1r\u00e1s ter\u00fclet\u00e9t 248,77 km\u00b2 teszi, ez Esz\u00e9k-Baranya Megye ter\u00fclet\u00e9nek 6%-a, a Dr\u00e1vasz\u00f6gnek pedig 22%-a. Mag\u00e1ba foglal h\u00e9t telep\u00fcl\u00e9st: Hercegsz\u0151l\u0151s, V\u00f6r\u00f6smart, Karancs, Cs\u00faza, K\u0151, Sepse \u00e9s Mirkovac (Kesely\u0171s) valamint k\u00e9t munk\u00e1s telep\u00fcl\u00e9st- puszt\u00e1k Jasenovac (Jeszef\u00f6ld) \u00e9s Sokolovac (Katalin Puszta).<\/p>\n<p>A leg\u00fat\u00f3bbi 2011-es n\u00e9psz\u00e1ml\u00e1l\u00e1si adatok alapj\u00e1n a Hercegsz\u0151l\u0151si J\u00e1r\u00e1s ter\u00fclet\u00e9nek 4.614 lakosa volt. Ebb\u0151l a magyarok 1.784 vagyis 38.66%, horv\u00e1tok 1.758 vagyis 38,1% szerbek 815 vagyis 17,66%.<\/p>\n<p>&nbsp;<\/p>\n<p style=\"text-align: justify; padding-left: 60px;\"><strong>C\u00cdMER \u00a0\u00c9S Z\u00c1SZL\u00d3<\/strong><\/p>\n<p><img loading=\"lazy\" class=\" wp-image-2947 alignleft\" src=\"https:\/\/knezevi-vinogradi.hr\/wp-content\/uploads\/2015\/07\/logo-big-408x480.png\" alt=\"logo-big\" width=\"208\" height=\"245\" srcset=\"https:\/\/knezevi-vinogradi.hr\/wp-content\/uploads\/2015\/07\/logo-big-408x480.png 408w, https:\/\/knezevi-vinogradi.hr\/wp-content\/uploads\/2015\/07\/logo-big-869x1024.png 869w, https:\/\/knezevi-vinogradi.hr\/wp-content\/uploads\/2015\/07\/logo-big.png 1148w\" sizes=\"(max-width: 208px) 100vw, 208px\" \/>A J\u00e1r\u00e1s c\u00edmere ov\u00e1lis pajzs. Z\u00f6ld mez\u0151ben, a pajzsf\u0151 cs\u00fccsk\u00e9ben s\u00e1rga sz\u00edn\u0171 b\u00fazakal\u00e1sz fekszik. K\u00f6z\u00e9ps\u0151 r\u00e9sz\u00e9ben h\u00e1rom barna sz\u00e1r\u00fa s\u00e1rga sz\u0151l\u0151f\u00fcrt \u00e1ll, amely r\u00e9szben takarja a v\u00edzszintesen ford\u00edtott barna, kerekded, als\u00f3 fel\u00e9n csappal ell\u00e1tott hord\u00f3t. A pajzs pereme fekete sz\u00edn\u0171.A J\u00e1r\u00e1s z\u00e1szl\u00f3ja s\u00e1rga.<br \/>\nA J\u00e1r\u00e1s c\u00edmer\u00e9t \u00e9s z\u00e1szlaj\u00e1t csak az Alapszab\u00e1lyzatban el\u0151\u00edrt tartalom, alak \u00e9s arculat valamint a jelk\u00e9pek eredetij\u00e9ben bemutatottak szerint szabad<br \/>\nelk\u00e9sz\u00edteni. A c\u00edmer \u00e9s a z\u00e1szl\u00f3 eredetij\u00e9t a Hercegsz\u0151l\u0151si J\u00e1r\u00e1s igazgat\u00e1si test\u00fclete, az \u00fcgyirat egy p\u00e9ld\u00e1ny\u00e1t pedig az \u00c1llami Iratt\u00e1r \u0151rzi.A c\u00edmer \u00e9s a z\u00e1szl\u00f3 haszn\u00e1lat\u00e1nak m\u00f3dj\u00e1t \u00e9s felt\u00e9teleit k\u00fcl\u00f6n hat\u00e1rozat szab\u00e1lyozza.<\/p>\n","protected":false},"excerpt":{"rendered":"<p>A Hercegsz\u00f6ll\u0151si J\u00e1r\u00e1st, mint Esz\u00e9k-Baranya Megye \u00f6nigazgat\u00e1si egys\u00e9g\u00e9t 1992.12.30-\u00e1n alap\u00edtott\u00e1k, miut\u00e1n joger\u0151re emelkedett a Megy\u00e9kr\u0151l, V\u00e1rosokr\u00f3l \u00e9s J\u00e1r\u00e1sokr\u00f3l Sz\u00f3l\u00f3 T\u00f6rv\u00e9ny Horv\u00e1torsz\u00e1gban (Hivatalos K\u00f6zl\u00f6ny 90\/92 sz.). Azel\u0151tt az egykori P\u00e9lmonostori J\u00e1r\u00e1shoz tartozott. Esz\u00e9ken a sz\u00e1m\u0171zet\u00e9sben 1993. junius\u00e1ban az \u00fcl\u00e9sen alap\u00edtott. A Hercegsz\u00f6ll\u0151si J\u00e1r\u00e1s ter\u00fclet\u00e9t 248,77 km\u00b2 teszi, ez Esz\u00e9k-Baranya Megye ter\u00fclet\u00e9nek 6%-a, a Dr\u00e1vasz\u00f6gnek pedig 22%-a. [&hellip;]<\/p>\n","protected":false},"author":4,"featured_media":0,"parent":4779,"menu_order":0,"comment_status":"closed","ping_status":"open","template":"","meta":[],"_links":{"self":[{"href":"https:\/\/knezevi-vinogradi.hr\/hu\/wp-json\/wp\/v2\/pages\/4782\/"}],"collection":[{"href":"https:\/\/knezevi-vinogradi.hr\/hu\/wp-json\/wp\/v2\/pages\/"}],"about":[{"href":"https:\/\/knezevi-vinogradi.hr\/hu\/wp-json\/wp\/v2\/types\/page\/"}],"author":[{"embeddable":true,"href":"https:\/\/knezevi-vinogradi.hr\/hu\/wp-json\/wp\/v2\/users\/4\/"}],"replies":[{"embeddable":true,"href":"https:\/\/knezevi-vinogradi.hr\/hu\/wp-json\/wp\/v2\/comments\/?post=4782"}],"version-history":[{"count":5,"href":"https:\/\/knezevi-vinogradi.hr\/hu\/wp-json\/wp\/v2\/pages\/4782\/revisions\/"}],"predecessor-version":[{"id":35961,"href":"https:\/\/knezevi-vinogradi.hr\/hu\/wp-json\/wp\/v2\/pages\/4782\/revisions\/35961\/"}],"up":[{"embeddable":true,"href":"https:\/\/knezevi-vinogradi.hr\/hu\/wp-json\/wp\/v2\/pages\/4779\/"}],"wp:attachment":[{"href":"https:\/\/knezevi-vinogradi.hr\/hu\/wp-json\/wp\/v2\/media\/?parent=4782"}],"curies":[{"name":"wp","href":"https:\/\/api.w.org\/{rel}","templated":true}]}}