{"id":4790,"date":"2015-04-08T11:30:06","date_gmt":"2015-04-08T09:30:06","guid":{"rendered":"https:\/\/knezevi-vinogradi.hr\/?page_id=4790"},"modified":"2015-10-08T13:56:04","modified_gmt":"2015-10-08T11:56:04","slug":"znamenitosti","status":"publish","type":"page","link":"https:\/\/knezevi-vinogradi.hr\/hu\/onkormanyzat\/magunkrol\/znamenitosti\/","title":{"rendered":"V\u00e9dett \u00e9p\u00fcleteink"},"content":{"rendered":"<p>A kultur\u00e1lis \u00f6r\u00f6ks\u00e9g szemsz\u00f6g\u00e9b\u0151l szeml\u00e9lve a Hercegsz\u00f6ll\u0151si J\u00e1r\u00e1s ter\u00fclet\u00e9n egyar\u00e1nt tal\u00e1lhat\u00f3 hagyom\u00e1nyos \u00e9p\u00fclet, r\u00e9g\u00e9szeti felt\u00e1r\u00e1s \u00e9s k\u00fcl\u00f6n\u00e1ll\u00f3 v\u00e9dett\u00e9 nyilv\u00e1n\u00edtott szakr\u00e1lis \u00e9p\u00edtm\u00e9ny.<\/p>\n<p>A hagyom\u00e1nyos \u00e9p\u00edt\u00e9szeti \u00f6r\u00f6ks\u00e9gb\u0151l \u2013 paraszth\u00e1zak \u00e9s magt\u00e1rak, t\u00e1rol\u00f3k, amelyeket Hercegsz\u00f6ll\u0151s\u00f6n, Seps\u00e9n \u00e9s Cs\u00faz\u00e1n tal\u00e1lhatunk, \u2013 kiv\u00e1lik egy k\u00fcl\u00f6nleges \u00e9p\u00edtm\u00e9nyegy\u00fcttes V\u00f6r\u00f6smarton. Ez az \u00fan. f\u00f6ldalatti \u00e9p\u00edt\u00e9szet, amely l\u00f6sztalajba v\u00e1jt pinc\u00e9kb\u0151l \u00e9s g\u00e1torokb\u00f3l \u00e1ll. Ezek az \u00e9p\u00edtm\u00e9nyek a saj\u00e1tos term\u00e9szeti k\u00f6rnyezethez val\u00f3 k\u00f6zvetlen k\u00f6t\u0151d\u00e9s\u00fck folyt\u00e1n e vid\u00e9k \u00f6nazonoss\u00e1gtudat\u00e1nak jelk\u00e9peiv\u00e9 v\u00e1ltak. Ezek a k\u00fcl\u00f6nleges \u00e9p\u00edtm\u00e9nyek &#8211; pincesorokat k\u00e9petve &#8211; V\u00f6r\u00f6smarton az \u00fan. Katolikus \u00e9s Reform\u00e1tus Szurdokokban tal\u00e1lhat\u00f3k, kb. 80 ilyen f\u00f6ld alatti pince van.<\/p>\n<hr \/>\n<h3><strong>Szakr\u00e1lis \u00e9pitm\u00e9nyek -vall\u00e1si \u00e9p\u00fcletek (templomok) a J\u00e1r\u00e1s ter\u00fclet\u00e9n<\/strong><\/h3>\n<p><strong>Hercegsz\u0151l\u0151s<\/strong><\/p>\n<ul>\n<li>Reform\u00e1tus templom 1576-b\u00f3l<\/li>\n<li>Pravoszl\u00e1v templom 1742-b\u0151l<\/li>\n<li>Szent Mih\u00e1ly arkangyal r\u00f3mai katolikus templom, amely 1840 \u00e9s 1857 k\u00f6z\u00f6tt \u00e9p\u00fclt<\/li>\n<\/ul>\n<p><strong>Karancs<\/strong><\/p>\n<ul>\n<li>Szent Don\u00e1t r\u00f3mai katolikus templom, \u00e9p\u00fclt 1832-ben<\/li>\n<li>Horv\u00e1torsz\u00e1gi Reform\u00e1tus Kereszty\u00e9n K\u00e1lvini Egyh\u00e1z- HRKKE- temploma, amely 1808.-1816. k\u00f6z\u00f6tt \u00e9p\u00fclt<\/li>\n<li>Pravoszl\u00e1v templom, 1991-b\u0151l.<\/li>\n<\/ul>\n<p><strong>V\u00f6r\u00f6smart<\/strong><\/p>\n<ul>\n<li>Szent Kereszt megtal\u00e1l\u00e1sa r\u00f3mai katolikus templom, 1752-b\u0151l<\/li>\n<li>Reform\u00e1tus templom, \u00e9p\u00fclt 1866 \u00e9s 1871 k\u00f6z\u00f6tt.<\/li>\n<\/ul>\n<p><strong>Cs\u00faza<\/strong><\/p>\n<ul>\n<li>Reform\u00e1tus templom, mai alakj\u00e1t 1869-ben nyerte el<\/li>\n<li>Az \u00e9p\u00fcl\u0151f\u00e9lben l\u00e9v\u0151 szent Antal r\u00f3mai katolikus templom.<\/li>\n<\/ul>\n<p><strong>Sepse<\/strong><\/p>\n<ul>\n<li>Reform\u00e1tus templom, 1805-b\u0151l.<\/li>\n<\/ul>\n<p><strong>K\u0151<\/strong><\/p>\n<ul>\n<li>Reform\u00e1tus templom, az 1877-ben v\u00e9gzett fel\u00faj\u00edt\u00e1s ut\u00e1n nyerte el mai alakj\u00e1t<\/li>\n<\/ul>\n<h3>\nR\u00e9g\u00e9szeti lel\u0151helyek a J\u00e1r\u00e1s ter\u00fclet\u00e9n<\/h3>\n<ul>\n<li>R\u00e9g\u00e9szeti lel\u0151hely\u02ddK\u0151 \u02dd, K\u0151<\/li>\n<li>R\u00e9g\u00e9szeti lel\u0151hely \u02ddDonje Polje-Prosina\u02dd, Karancs<\/li>\n<li>R\u00e9g\u00e9szeti lel\u0151hely \u02ddDerjan \u02dd,Hercegsz\u0151l\u0151s<\/li>\n<li>R\u00e9g\u00e9szeti lel\u0151hely \u02ddDragojlov brijeg \u02dd, Hercegsz\u0151l\u0151s<\/li>\n<li>R\u00e9g\u00e9szeti lel\u0151hely \u02ddMitv\u00e1rd \u02dd, Hercegsz\u0151l\u0151s<\/li>\n<li>R\u00e9g\u00e9szeti lel\u0151hely \u00c1ltal\u00e1nos iskola, Hercegsz\u0151l\u0151s<\/li>\n<li>R\u00e9g\u00e9szeti lel\u0151hely Reform\u00e1tus templom, Hercegsz\u0151l\u0151s<\/li>\n<li>R\u00e9g\u00e9szeti lel\u0151hely \u02ddSepse \u02dd, Sepse<\/li>\n<li>R\u00e9g\u00e9szeti lel\u0151hely \u02ddSz\u0151l\u0151s \u02dd, Cs\u00faza<\/li>\n<li>R\u00e9g\u00e9szeti lel\u0151hely \u02ddDerjan \u02dd, Hercegsz\u0151l\u0151s<\/li>\n<li>R\u00e9g\u00e9szeti lel\u0151hely \u201eVarhegy \u2013 Mocsolas\u201d, V\u00f6r\u00f6smart<\/li>\n<li>R\u00e9g\u00e9szeti lel\u0151hely Gradac-Varhegy, V\u00f6r\u00f6smart<\/li>\n<\/ul>\n<h3>Egy\u00e9b kultur\u00e1lis javak a J\u00e1r\u00e1s ter\u00fclet\u00e9n<\/h3>\n<ul>\n<li>Orgona Szent Don\u00e1t r\u00f3mai katolikus templomban, Karancs<\/li>\n<li>Sz\u0171z M\u00e1ria bemutat\u00e1sa pl\u00e9b\u00e1niatemplom lelt\u00e1ra, Hercegsz\u0151l\u0151s<\/li>\n<li>Lokomobil, Hercegsz\u0151l\u0151s<\/li>\n<li>Borospince ( Pet\u0151fi S\u00e1ndor utca 2), Hercegsz\u0151l\u0151s<\/li>\n<li>K\u00f6zponti rakt\u00e1r gabonaf\u00e9l\u00e9k sz\u00e1m\u00e1ra \u2013magazin, Mirkovac ( Kesely\u0171s)<\/li>\n<li>Borospince ( Tito Marsal utca 81 b), Cs\u00faza<\/li>\n<li>Borospince ( Pet\u0151fi S\u00e1ndor utca 16), V\u00f6r\u00f6smart<\/li>\n<\/ul>\n","protected":false},"excerpt":{"rendered":"<p>A kultur\u00e1lis \u00f6r\u00f6ks\u00e9g szemsz\u00f6g\u00e9b\u0151l szeml\u00e9lve a Hercegsz\u00f6ll\u0151si J\u00e1r\u00e1s ter\u00fclet\u00e9n egyar\u00e1nt tal\u00e1lhat\u00f3 hagyom\u00e1nyos \u00e9p\u00fclet, r\u00e9g\u00e9szeti felt\u00e1r\u00e1s \u00e9s k\u00fcl\u00f6n\u00e1ll\u00f3 v\u00e9dett\u00e9 nyilv\u00e1n\u00edtott szakr\u00e1lis \u00e9p\u00edtm\u00e9ny. A hagyom\u00e1nyos \u00e9p\u00edt\u00e9szeti \u00f6r\u00f6ks\u00e9gb\u0151l \u2013 paraszth\u00e1zak \u00e9s magt\u00e1rak, t\u00e1rol\u00f3k, amelyeket Hercegsz\u00f6ll\u0151s\u00f6n, Seps\u00e9n \u00e9s Cs\u00faz\u00e1n tal\u00e1lhatunk, \u2013 kiv\u00e1lik egy k\u00fcl\u00f6nleges \u00e9p\u00edtm\u00e9nyegy\u00fcttes V\u00f6r\u00f6smarton. Ez az \u00fan. f\u00f6ldalatti \u00e9p\u00edt\u00e9szet, amely l\u00f6sztalajba v\u00e1jt pinc\u00e9kb\u0151l \u00e9s g\u00e1torokb\u00f3l \u00e1ll. Ezek [&hellip;]<\/p>\n","protected":false},"author":4,"featured_media":0,"parent":4782,"menu_order":0,"comment_status":"closed","ping_status":"open","template":"","meta":[],"_links":{"self":[{"href":"https:\/\/knezevi-vinogradi.hr\/hu\/wp-json\/wp\/v2\/pages\/4790\/"}],"collection":[{"href":"https:\/\/knezevi-vinogradi.hr\/hu\/wp-json\/wp\/v2\/pages\/"}],"about":[{"href":"https:\/\/knezevi-vinogradi.hr\/hu\/wp-json\/wp\/v2\/types\/page\/"}],"author":[{"embeddable":true,"href":"https:\/\/knezevi-vinogradi.hr\/hu\/wp-json\/wp\/v2\/users\/4\/"}],"replies":[{"embeddable":true,"href":"https:\/\/knezevi-vinogradi.hr\/hu\/wp-json\/wp\/v2\/comments\/?post=4790"}],"version-history":[{"count":4,"href":"https:\/\/knezevi-vinogradi.hr\/hu\/wp-json\/wp\/v2\/pages\/4790\/revisions\/"}],"predecessor-version":[{"id":4794,"href":"https:\/\/knezevi-vinogradi.hr\/hu\/wp-json\/wp\/v2\/pages\/4790\/revisions\/4794\/"}],"up":[{"embeddable":true,"href":"https:\/\/knezevi-vinogradi.hr\/hu\/wp-json\/wp\/v2\/pages\/4782\/"}],"wp:attachment":[{"href":"https:\/\/knezevi-vinogradi.hr\/hu\/wp-json\/wp\/v2\/media\/?parent=4790"}],"curies":[{"name":"wp","href":"https:\/\/api.w.org\/{rel}","templated":true}]}}