{"id":4800,"date":"2015-05-25T00:04:44","date_gmt":"2015-05-24T23:04:44","guid":{"rendered":"https:\/\/knezevi-vinogradi.hr\/?page_id=4800"},"modified":"2015-10-13T14:11:58","modified_gmt":"2015-10-13T12:11:58","slug":"hercegszollos","status":"publish","type":"page","link":"https:\/\/knezevi-vinogradi.hr\/hu\/onkormanyzat\/helysegek\/hercegszollos\/","title":{"rendered":"Hercegsz\u00f6ll\u0151s"},"content":{"rendered":"<p>[vc_row][vc_column][vc_column_text]<\/p>\n<p>Hercegsz\u00f6ll\u0151s j\u00e1r\u00e1si k\u00f6zpont \u00e9s a 2011. \u00e9vi n\u00e9psz\u00e1ml\u00e1l\u00e1s adatai szerint 1.715 lakosa \u00e9s 13 utc\u00e1ja van (Glavna, Svetozara Mileti\u0107a, 8. marta, \u0160andora Petefija, Naselje hrvatskih branitelja, Hrvatske Republike, 1. maja, Olgina, Vinogradska, Mo\u0161a Pijade, Mihajla Klajna, Antuna Plaveca i Ciglana).<\/p>\n<p>Fontos gazdas\u00e1gi l\u00e9tes\u00edtm\u00e9nyek k\u00f6z\u00fcl meg kell eml\u00edteni a Belje Rt.-t (Borospince \u00e9s borkostol\u00f3 terem) valamint a Bor plasztika Kft. \u00e9s a Rabo Kft.-t a v\u00e1llalkoz\u00f3i \u00f6vezetben.<\/p>\n<p>Hercegsz\u00f6ll\u0151s\u00f6n nyolc oszt\u00e1lyos \u00e1ltal\u00e1nos iskola m\u0171k\u00f6dik, k\u00fcl\u00f6n int\u00e9zm\u00e9nyk\u00e9nt m\u0171k\u00f6dik a ZEKO (Nyuszi) \u00f3voda. Mintegy t\u00edz civil, kultur\u00e1lis- \u00e9s sportszervezet m\u0171k\u00f6dik, amelyek k\u00f6z\u00fcl a legjelent\u0151sebbek a Borac LE, Izvor N\u0151egylet, &#8220;Hercegsz\u00f6ll\u0151si Mihaly&#8221;\u00a0Magyar Ifj\u00fas\u00e1gi Szervezet, a Nyugd\u00edjasok Egyes\u00fclete, \u017divojin \u017dika Mandi\u0107 Kult\u00faregyes\u00fclet, Baranya Gy\u00f6ngyei Tamburazenekar, \u00e9s m\u00e1s sport \u00e9s kult\u00faregyes\u00fcletek.<\/p>\n<p><em><strong>T\u00f6rt\u00e9nelem <\/strong><\/em><\/p>\n<p>Hercegsz\u0151ll\u0151s az \u00f3korban keletkezett, a kor egyik fontos \u00fatvonal\u00e1nak strat\u00e9giai jelent\u0151s\u00e9g\u0171 pontj\u00e1n.Gazdag archeol\u00f3giai leletek tan\u00fas\u00e1ga szerint a r\u00f3mai kol\u00f3nia volt itt, amelyet Donatiumnak h\u00edvtak.A Dr\u00e1vasz\u00f6g egyik legr\u00e9gebbi telep\u00fcl\u00e9se, \u00edr\u00e1sban a helys\u00e9g nev\u00e9t 1687-ben eml\u00edtik, teh\u00e1t a bellyei uradalom megalakul\u00e1sa el\u0151tt, ami arra enged k\u00f6vetkeztetni, hogy a falu a szekcs\u0151i Herczegh csal\u00e1d tulajdona volt.Akkoriban a helys\u00e9g k\u00e9t r\u00e9szre volt felosztva, a masodik r\u00e9sz Bodoly\u00e1hoz tartozott, amely a Hunyadiak kor\u00e1ban olyan mez\u0151v\u00e1ros volt, amellyel kast\u00e9lyok \u00e9s er\u0151ss\u00e9gek j\u00e1rtak. A t\u00f6r\u00f6k uralom idej\u00e9n v\u00e1rosi rangr\u00fatelep\u00f3l\u00e9s. A v\u00e1ros feletti tulajdonjogot 1564-ben Horv\u00e1th M\u00e1rk gyakorolta. A t\u00f6r\u00f6k kivonul\u00e1sa ut\u00e1n is fenn\u00e1lt, 1799-ben azonban m\u00e1r faluk\u00e9nt emlegetik.<\/p>\n<p>Amikor a k\u00f6zs\u00e9g a bellyei uradalom r\u00e9sz\u00e9v\u00e9 v\u00e1lt, ter\u00fclet\u00e9nek kis h\u00edj\u00e1n egy \u00f6t\u00f6d\u00e9t sz\u0151l\u0151 fedte, \u00e9s borair\u00f3l volt h\u00edres. A 18. sz\u00e1zad k\u00f6zep\u00e9n a faluban uradalmi \u00e9p\u00fcletek tal\u00e1lhat\u00f3k: pr\u00e9sh\u00e1z, p\u00e1linkaf\u0151z\u0151, k\u00e1d\u00e1r h\u00e1z, uradalmi nagypince. A nagypince \u00e9s k\u00e9t uradalmi vend\u00e9gfogad\u00f3 Savolyai Jen\u0151 idej\u00e9n \u00e9p\u00fclt, a pince befogad\u00f3k\u00e9pess\u00e9ge 700.000 liter. A parasztok f\u0151leg Szlav\u00f3ni\u00e1ban bort \u00e9s csereszny\u00e9t \u00e1rultak. A faluban 14 iparos \u00e9lt: bogn\u00e1r, csizmadia, szab\u00f3k, cip\u00e9szek, sz\u0171cs, k\u00e1d\u00e1rok, kalapos \u00e9s kov\u00e1csok, valamint hat keresked\u0151.<\/p>\n<p>1824-ben Hercegsz\u00f6ll\u0151s a bellyei uradalom legnagyobb falva, 266 h\u00e1zban 1961 lakossal. A falunak h\u00e1rom temploma volt (reform\u00e1tus, pravoszl\u00e1v r\u00e9zbor\u00edt\u00e1s\u00fa tornyos templom, torony n\u00e9lk\u00fcli kis katolikus templom).Az Esz\u00e9k\u2013B\u00e1cska vonalon k\u00f6zleked\u0151 postakocsinak Hercegsz\u0151ll\u0151s\u00f6n is volt egy \u00e1llom\u00e1sa. A falu k\u00f6zel\u00e9ben t\u00e9glagy\u00e1r \u00e9s<br \/>\ncser\u00e9p\u00e9get\u0151 \u00e9p\u00fclt.Az 1766-os n\u00e9psz\u00e1ml\u00e1l\u00e1s szerint Hercegsz\u0151ll\u0151s\u00f6n k\u00e9t nemzet tagjai \u00e9ltek: reform\u00e1tus magyarok \u00e9s pravoszl\u00e1v r\u00e1cok.Az 1824-es adatok szerint a lakosok vegyesen n\u00e9metek, magyarok \u00e9s r\u00e1cok, kev\u00e9s sok\u00e1ccal.<\/p>\n<p>[\/vc_column_text][\/vc_column][\/vc_row][vc_row][vc_column]<div class=\"c-gmap\"><div class=\"gmap-canvas\" style=\"height: 400px;\" data-address=\"Kne\u017eevi Vinogradi, Hrvatska\" data-zoom=\"16\" data-maptype=\"satellite\" data-enable-mousewheel=\"false\"><\/div><\/div>[\/vc_column][\/vc_row]<\/p>\n","protected":false},"excerpt":{"rendered":"<p>[vc_row][vc_column][vc_column_text] Hercegsz\u00f6ll\u0151s j\u00e1r\u00e1si k\u00f6zpont \u00e9s a 2011. \u00e9vi n\u00e9psz\u00e1ml\u00e1l\u00e1s adatai szerint 1.715 lakosa \u00e9s 13 utc\u00e1ja van (Glavna, Svetozara Mileti\u0107a, 8. marta, \u0160andora Petefija, Naselje hrvatskih branitelja, Hrvatske Republike, 1. maja, Olgina, Vinogradska, Mo\u0161a Pijade, Mihajla Klajna, Antuna Plaveca i Ciglana). Fontos gazdas\u00e1gi l\u00e9tes\u00edtm\u00e9nyek k\u00f6z\u00fcl meg kell eml\u00edteni a Belje Rt.-t (Borospince \u00e9s borkostol\u00f3 terem) [&hellip;]<\/p>\n","protected":false},"author":4,"featured_media":0,"parent":4864,"menu_order":0,"comment_status":"closed","ping_status":"closed","template":"","meta":[],"_links":{"self":[{"href":"https:\/\/knezevi-vinogradi.hr\/hu\/wp-json\/wp\/v2\/pages\/4800\/"}],"collection":[{"href":"https:\/\/knezevi-vinogradi.hr\/hu\/wp-json\/wp\/v2\/pages\/"}],"about":[{"href":"https:\/\/knezevi-vinogradi.hr\/hu\/wp-json\/wp\/v2\/types\/page\/"}],"author":[{"embeddable":true,"href":"https:\/\/knezevi-vinogradi.hr\/hu\/wp-json\/wp\/v2\/users\/4\/"}],"replies":[{"embeddable":true,"href":"https:\/\/knezevi-vinogradi.hr\/hu\/wp-json\/wp\/v2\/comments\/?post=4800"}],"version-history":[{"count":4,"href":"https:\/\/knezevi-vinogradi.hr\/hu\/wp-json\/wp\/v2\/pages\/4800\/revisions\/"}],"predecessor-version":[{"id":5318,"href":"https:\/\/knezevi-vinogradi.hr\/hu\/wp-json\/wp\/v2\/pages\/4800\/revisions\/5318\/"}],"up":[{"embeddable":true,"href":"https:\/\/knezevi-vinogradi.hr\/hu\/wp-json\/wp\/v2\/pages\/4864\/"}],"wp:attachment":[{"href":"https:\/\/knezevi-vinogradi.hr\/hu\/wp-json\/wp\/v2\/media\/?parent=4800"}],"curies":[{"name":"wp","href":"https:\/\/api.w.org\/{rel}","templated":true}]}}