{"id":4841,"date":"2015-05-25T13:23:07","date_gmt":"2015-05-25T11:23:07","guid":{"rendered":"https:\/\/knezevi-vinogradi.hr\/?page_id=4841"},"modified":"2025-06-17T12:30:42","modified_gmt":"2025-06-17T10:30:42","slug":"jarasi-eloljaro","status":"publish","type":"page","link":"https:\/\/knezevi-vinogradi.hr\/hu\/szervezet\/vegrehajto-testlet\/jarasi-eloljaro\/","title":{"rendered":"J\u00e1r\u00e1si el\u00f6lj\u00e1r\u00f3"},"content":{"rendered":"<p>A j\u00e1r\u00e1si el\u00f6lj\u00e1r\u00f3 k\u00e9pviseli a J\u00e1r\u00e1st \u00e9s a J\u00e1r\u00e1s v\u00e9grehajt\u00f3 szerve is. A Hercegsz\u0151l\u0151si J\u00e1r\u00e1sban a lakoss\u00e1g etnikai \u00f6sszet\u00e9tel\u00e9re tekintettel, a j\u00e1r\u00e1si el\u00f6lj\u00e1r\u00f3nak helyettese \u00e9s m\u00e9g k\u00e9t helyettese horv\u00e1t \u00e9s szerb nemzeti kisebbs\u00e9g\u0171, illetve \u00f6sszesen 3 helyettese van.<\/p>\n<p>A j\u00e1r\u00e1si el\u00f6lj\u00e1r\u00f3 felel\u0151s a munkak\u00f6r\u00e9be \u00e9s feladataiba tartoz\u00f3 alkotm\u00e1nyos, t\u00f6rv\u00e9nyes munk\u00e1\u00e9rt \u00e9s az igazgat\u00e1si test\u00fcletei az alkotm\u00e1nyos, t\u00f6rv\u00e9nyes rendeletei\u00e9rt.<\/p>\n<p>A j\u00e1r\u00e1si el\u00f6lj\u00e1r\u00f3 mand\u00e1tuma 4 \u00e9vig tart. A j\u00e1r\u00e1si el\u00f6lj\u00e1r\u00f3t k\u00f6zvetlen titkos szavaz\u00e1ssal v\u00e1lasztj\u00e1k.<\/p>\n<p>A j\u00e1r\u00e1si el\u00f6lj\u00e1r\u00f3 v\u00e1laszt\u00e1son 2025. m\u00e1jus\u00e1ban \u00a0v\u00e1lasztott\u00e1k meg mag.iur. Vedran Kramari\u0107.<\/p>\n<ul>\n<li><a href=\"https:\/\/knezevi-vinogradi.hr\/hu\/az-eloljaro-szava\/\">Az el\u00f6lj\u00e1r\u00f3 szava<\/a><\/li>\n<\/ul>\n<h2>Pitajte na\u010delnika<\/h2>\n<div role=\"form\" class=\"wpcf7\" id=\"wpcf7-f3026-o1\" lang=\"hr\" dir=\"ltr\">\n<div class=\"screen-reader-response\" aria-live=\"polite\"><\/div>\n<form action=\"\/hu\/wp-json\/wp\/v2\/pages\/4841\/#wpcf7-f3026-o1\" method=\"post\" class=\"wpcf7-form\" novalidate=\"novalidate\">\n<div style=\"display: none;\">\n<input type=\"hidden\" name=\"_wpcf7\" value=\"3026\" \/>\n<input type=\"hidden\" name=\"_wpcf7_version\" value=\"5.1.9\" \/>\n<input type=\"hidden\" name=\"_wpcf7_locale\" value=\"hr\" \/>\n<input type=\"hidden\" name=\"_wpcf7_unit_tag\" value=\"wpcf7-f3026-o1\" \/>\n<input type=\"hidden\" name=\"_wpcf7_container_post\" value=\"0\" \/>\n<input type=\"hidden\" name=\"g-recaptcha-response\" value=\"\" \/>\n<\/div>\n<p>Va\u0161e ime (obvezno)<br \/>\n    <span class=\"wpcf7-form-control-wrap your-name\"><input type=\"text\" name=\"your-name\" value=\"\" size=\"40\" class=\"wpcf7-form-control wpcf7-text wpcf7-validates-as-required\" aria-required=\"true\" aria-invalid=\"false\" \/><\/span> <\/p>\n<p>Va\u0161 email (obvezno)<br \/>\n    <span class=\"wpcf7-form-control-wrap your-email\"><input type=\"email\" name=\"your-email\" value=\"\" size=\"40\" class=\"wpcf7-form-control wpcf7-text wpcf7-email wpcf7-validates-as-required wpcf7-validates-as-email\" aria-required=\"true\" aria-invalid=\"false\" \/><\/span> <\/p>\n<p>Va\u0161 telefonski broj<br \/>\n    <span class=\"wpcf7-form-control-wrap tel-769\"><input type=\"tel\" name=\"tel-769\" value=\"\" size=\"40\" class=\"wpcf7-form-control wpcf7-text wpcf7-tel wpcf7-validates-as-tel\" aria-invalid=\"false\" \/><\/span><\/p>\n<p>Tema<br \/>\n    <span class=\"wpcf7-form-control-wrap your-subject\"><input type=\"text\" name=\"your-subject\" value=\"\" size=\"40\" class=\"wpcf7-form-control wpcf7-text\" aria-invalid=\"false\" \/><\/span> <\/p>\n<p>Va\u0161e pitanje<br \/>\n    <span class=\"wpcf7-form-control-wrap your-message\"><textarea name=\"your-message\" cols=\"40\" rows=\"10\" class=\"wpcf7-form-control wpcf7-textarea\" aria-invalid=\"false\"><\/textarea><\/span> <\/p>\n<p><input type=\"submit\" value=\"\u0160alji\" class=\"wpcf7-form-control wpcf7-submit\" \/><\/p>\n<div class=\"wpcf7-response-output wpcf7-display-none\" aria-hidden=\"true\"><\/div><\/form><\/div>\n","protected":false},"excerpt":{"rendered":"<p>A j\u00e1r\u00e1si el\u00f6lj\u00e1r\u00f3 k\u00e9pviseli a J\u00e1r\u00e1st \u00e9s a J\u00e1r\u00e1s v\u00e9grehajt\u00f3 szerve is. A Hercegsz\u0151l\u0151si J\u00e1r\u00e1sban a lakoss\u00e1g etnikai \u00f6sszet\u00e9tel\u00e9re tekintettel, a j\u00e1r\u00e1si el\u00f6lj\u00e1r\u00f3nak helyettese \u00e9s m\u00e9g k\u00e9t helyettese horv\u00e1t \u00e9s szerb nemzeti kisebbs\u00e9g\u0171, illetve \u00f6sszesen 3 helyettese van. A j\u00e1r\u00e1si el\u00f6lj\u00e1r\u00f3 felel\u0151s a munkak\u00f6r\u00e9be \u00e9s feladataiba tartoz\u00f3 alkotm\u00e1nyos, t\u00f6rv\u00e9nyes munk\u00e1\u00e9rt \u00e9s az igazgat\u00e1si test\u00fcletei az [&hellip;]<\/p>\n","protected":false},"author":4,"featured_media":0,"parent":4838,"menu_order":0,"comment_status":"closed","ping_status":"open","template":"","meta":[],"_links":{"self":[{"href":"https:\/\/knezevi-vinogradi.hr\/hu\/wp-json\/wp\/v2\/pages\/4841\/"}],"collection":[{"href":"https:\/\/knezevi-vinogradi.hr\/hu\/wp-json\/wp\/v2\/pages\/"}],"about":[{"href":"https:\/\/knezevi-vinogradi.hr\/hu\/wp-json\/wp\/v2\/types\/page\/"}],"author":[{"embeddable":true,"href":"https:\/\/knezevi-vinogradi.hr\/hu\/wp-json\/wp\/v2\/users\/4\/"}],"replies":[{"embeddable":true,"href":"https:\/\/knezevi-vinogradi.hr\/hu\/wp-json\/wp\/v2\/comments\/?post=4841"}],"version-history":[{"count":7,"href":"https:\/\/knezevi-vinogradi.hr\/hu\/wp-json\/wp\/v2\/pages\/4841\/revisions\/"}],"predecessor-version":[{"id":64193,"href":"https:\/\/knezevi-vinogradi.hr\/hu\/wp-json\/wp\/v2\/pages\/4841\/revisions\/64193\/"}],"up":[{"embeddable":true,"href":"https:\/\/knezevi-vinogradi.hr\/hu\/wp-json\/wp\/v2\/pages\/4838\/"}],"wp:attachment":[{"href":"https:\/\/knezevi-vinogradi.hr\/hu\/wp-json\/wp\/v2\/media\/?parent=4841"}],"curies":[{"name":"wp","href":"https:\/\/api.w.org\/{rel}","templated":true}]}}