{"id":4849,"date":"2015-05-26T00:27:11","date_gmt":"2015-05-25T22:27:11","guid":{"rendered":"https:\/\/knezevi-vinogradi.hr\/?page_id=4849"},"modified":"2024-03-14T10:23:37","modified_gmt":"2024-03-14T08:23:37","slug":"ovoda-nyuszi-ovoda","status":"publish","type":"page","link":"https:\/\/knezevi-vinogradi.hr\/hu\/intezetek-es-cegek\/ovoda-nyuszi-ovoda\/","title":{"rendered":"\u00d3voda (Nyuszi \u00d3voda )"},"content":{"rendered":"\n\t\t<style type=\"text\/css\">\n\t\t\t#gallery-1 {\n\t\t\t\tmargin: auto;\n\t\t\t}\n\t\t\t#gallery-1 .gallery-item {\n\t\t\t\tfloat: left;\n\t\t\t\tmargin-top: 10px;\n\t\t\t\ttext-align: center;\n\t\t\t\twidth: 100%;\n\t\t\t}\n\t\t\t#gallery-1 img {\n\t\t\t\tborder: 2px solid #cfcfcf;\n\t\t\t}\n\t\t\t#gallery-1 .gallery-caption {\n\t\t\t\tmargin-left: 0;\n\t\t\t}\n\t\t\t\/* see gallery_shortcode() in wp-includes\/media.php *\/\n\t\t<\/style>\n\t\t<div id='gallery-1' class='gallery galleryid-4849 gallery-columns-1 gallery-size-thumbnail'><dl class='gallery-item'>\n\t\t\t<dt class='gallery-icon landscape'>\n\t\t\t\t<a href='https:\/\/knezevi-vinogradi.hr\/wp-content\/uploads\/2015\/05\/zeko_grb1.jpg' title=\"\" data-rl_title=\"\" class=\"rl-gallery-link\" data-rl_caption=\"\" data-rel=\"lightbox-gallery-1\"><img width=\"150\" height=\"150\" src=\"https:\/\/knezevi-vinogradi.hr\/wp-content\/uploads\/2015\/05\/zeko_grb1-150x150.jpg\" class=\"attachment-thumbnail size-thumbnail\" alt=\"\" loading=\"lazy\" srcset=\"https:\/\/knezevi-vinogradi.hr\/wp-content\/uploads\/2015\/05\/zeko_grb1-150x150.jpg 150w, https:\/\/knezevi-vinogradi.hr\/wp-content\/uploads\/2015\/05\/zeko_grb1-480x480.jpg 480w, https:\/\/knezevi-vinogradi.hr\/wp-content\/uploads\/2015\/05\/zeko_grb1.jpg 484w\" sizes=\"(max-width: 150px) 100vw, 150px\" \/><\/a>\n\t\t\t<\/dt><\/dl><br style=\"clear: both\" \/>\n\t\t<\/div>\n\n<p>A Hercegsz\u00f6l\u0151si j\u00e1r\u00e1s 1998-ban megalap\u00edtotta a \u201eZeko\u201d (Nyuszi) \u00f3vod\u00e1t. Az \u00f3voda multj\u00e1ban meg kell eml\u00edteni, hogy a gyermekeknek Hercegsz\u00f6l\u0151s\u00f6n m\u00e9g 1978-ban volt el\u0151sz\u00f6r megszervezett iskolael\u0151k\u00e9szit\u0151 oktat\u00e1suk.<\/p>\n<p>Akkor az \u00f3vod\u00e1nak a j\u00e1r\u00e1s jelenlegi szintj\u00e9n, az \u00e1ltal\u00e1nos iskol\u00e1khoz tartoztak \u00e1llamiak voltak \u00e9s az \u00e1llami k\u00f6lts\u00e9gvet\u00e9sb\u0151l voltak finansz\u00edrozva. A j\u00e1r\u00e1s ter\u00fclet\u00e9n az \u00f3voda a nagyobb falukban m\u0171k\u00f6dik illetve n\u00e9gy helyszinen. Az \u00f3vodai foglalkoz\u00e1s Hercegsz\u00f6ll\u0151s\u00f6n \u00e9s Karancson horv\u00e1t nyelven, V\u00f6r\u00f6smarton \u00e9s Cs\u00faz\u00e1n pedig magyar nyelven t\u00f6rt\u00e9nik,\u00a0azzal a k\u00f6telezetts\u00e9ggel, hogy heti 10 \u00f3ranak horv\u00e1t nyelven kell lenni.<\/p>\n<p>A Nyuszi \u00d3voda iskol\u00e1skor el\u0151tti int\u00e9zm\u00e9ny, amelyben nevel\u00e9s \u00e9s oktat\u00e1s folyik 3-t\u00f3l 6 \u00e9ves korig. F\u0151 feladatuk a gyermekek iskol\u00e1ra val\u00f3 felk\u00e9sz\u00edt\u00e9se. A foglalkoz\u00e1s rendszeres 6 \u00f3r\u00e1s program keret\u00e9ben t\u00f6rt\u00e9nik, a gyermekek fejl\u0151d\u00e9si sz\u00fcks\u00e9gleteihez igaz\u00edtva. K\u00fcl\u00f6n program keret\u00e9ben oktatj\u00e1k a magyar nemzetis\u00e9g\u0171 gyermekeket.<\/p>\n<p>A pedag\u00f3giai 2017.\/2018. \u00e9vben iskolael\u0151k\u00e9szit\u0151 oktat\u00e1sban 85 gyerek szerepelt.<\/p>\n<p><a href=\"https:\/\/knezevi-vinogradi.hr\/galerije\/djecji-vrtic-zeko\/\" target=\"_blank\" rel=\"noopener noreferrer\">Gal\u00e9ria<\/a><\/p>\n<p><strong>K\u00f6zponti \u00f3voda \u00e9s sz\u00e9khelye<\/strong><\/p>\n<p>Hercegsz\u00f6l\u0151s Nyuszi \u00f3voda<br \/>\nGlavna 84a, 31309 Kne\u017eevi Vinogradi (Hercegsz\u00f6l\u0151s)<br \/>\nTel:\/Fax: 031\/731-012<br \/>\nE-mail: <a href=\"mailto:dvzekoknvin@gmail.com\" target=\"_blank\" rel=\"noopener noreferrer\">dvzekoknvin@gmail.com<\/a><br \/>\nIgazgat\u00f3: Dajana Bogdan &#8211; 099 516 2806<br \/>\nNevel\u0151k: Ksenija Kondi\u0107, Ana Marija Pape\u017e, Marija Vukovi\u0107, Marica Bla\u017eevi\u0107, Valentina Veseli, Renata Laslo<br \/>\nEg\u00e9szs\u00e9g\u00fcgyi vezet\u0151: Ivana Sabolek, Magdalena \u0160kori\u0107 (csere)<\/p>\n<p><strong>Oktat\u00e1si csoportok:<\/strong><br \/>\n&#8211; Id\u0151sebb vegyes &#8211; 26 gyermek<br \/>\n&#8211; Junior vegyes &#8211; 20 gyerek<br \/>\n&#8211; B\u00f6lcs\u0151de &#8211; 12 gyermek<\/p>\n<p>A nevel\u00e9si \u00e9s oktat\u00e1si munka 6 \u00e9s 10 \u00f3r\u00e1s program keret\u00e9ben t\u00f6rt\u00e9nik. Eg\u00e9sz napos program (10 \u00f3r\u00e1s program) 2008-ban alakult. Az \u00f3voda egy \u00f6nn\u00e1l\u00f3 \u00e9p\u00fcletben Hercegsz\u0151l\u0151s k\u00f6zpontj\u00e1ban tal\u00e1lhat\u00f3. Az \u00f3voda saj\u00e1toss\u00e1ga \u201eSport j\u00e1t\u00e9kok \u201c szervez\u00e9se az \u00f3voda napja alkalm\u00e1b\u00f3l minden \u00f3vod\u00e1s r\u00e9szt vesz benne. M\u00e1r 13 \u00e9ve.<\/p>\n<p>A j\u00e1t\u00e9kok h\u00e1rom r\u00e9szre vannak felosztva:<br \/>\n\u2022 4 \u00e9ves gyerekek versenye<br \/>\n\u2022 Csapatverseny<br \/>\n\u2022 Fut\u00e1s<\/p>\n<p>Az \u00f3vod\u00e1ban nagy becsben tartj\u00e1k a hagyom\u00e1nyos j\u00e1t\u00e9kokat \u00e9s a folkl\u00f3rt az oz \u00f3vod\u00e1sokkal.\u00a0Az alma gy\u00fcm\u00f6lcs\u00f6s l\u00e1togat\u00e1sa a gyerekeknek nagyon \u00e9rdekes mert a\u00a0gy\u00fcm\u00f6lcs\u00f6s hatalmas, a gyerekek megismerhetik az alma sz\u00fcretel\u00e9s\u00e9t \u00e9s ezek\u00a0ut\u00e1n megvend\u00e9gelik \u0151ket gyum\u00f6lcsl\u00e9vel.<\/p>\n<p>&nbsp;<\/p>\n<p><strong>Karancsi \u00f3voda<br \/>\n<\/strong>Kolodvorska 106<br \/>\nTelefon: 031\/720-014<br \/>\n\u00d3von\u0151: Nedeljka Horvat<br \/>\nCsoport: 1 kevert<br \/>\nGyerekek sz\u00e1ma: 16<\/p>\n<p>Az \u00f3vod\u00e1ba gyerekek 3 \u00e9ves kort\u00f3l iskolakezd\u00e9sig j\u00e1rnak. A program egy vegyes csoportban els\u0151dleges 6 \u00f3r\u00e1s. Az \u00f3voda a Hercegsz\u0151l\u0151si \u00e1ltal\u00e1nos iskola meghat\u00e1rozott ter\u00fclet\u00e9n tal\u00e1lhat\u00f3. J\u00f3l egy\u00fcttm\u0171k\u0151dnek a sz\u00fcl\u0151kkel \u00e9s ez lehet\u0151v\u00e9 teszi a k\u00f6l\u00fcnb\u00f6z\u0151 tartalmak megval\u00f3s\u00edt\u00e1s\u00e1t.<br \/>\n\u00cdme n\u00e9h\u00e1ny konkr\u00e9t:<br \/>\n\u2022 Sz\u00fcretel\u00e9s a sz\u0151l\u0151hegyen<br \/>\n\u2022 Teh\u00e9n \u00e9s l\u00f3 farmok l\u00e1togat\u00e1sa<br \/>\n\u2022 Halloween szervez\u00e9se<\/p>\n<p>&nbsp;<\/p>\n<p><strong>Cs\u00fazai \u00f3voda<\/strong><br \/>\n\u0160andora Petefia 1<br \/>\nTel: 031\/733-064<br \/>\n\u00d3von\u0151: Etelka Pilat<br \/>\nCsoport: 1 kevert<br \/>\nGyerekek szama: 11<\/p>\n<p>Az iskola\u00e9l\u0151tti oktat\u00e1s k\u00fcl\u00f6n\u00e1ll\u00f3 \u00e9p\u00fcletben van megszervezve amelynek tulajdona a V\u00f6r\u00f6smarti \u00e1ltal\u00e1nos iskola. Megalakult egy vegyes csoport 3 \u00e9ves kort\u00f3l \u00e1ltal\u00e1nos iskol\u00e1ig. A program 6 \u00f3r\u00e1s a csoportban a munka a magyar nemzeti kisebbs\u00e9g nyelv\u00e9n van azzal a k\u00f6telezetts\u00e9ggel, hogy heti 10 \u00f3ranak horv\u00e1t nyelven kell lenni.\u00a0K\u00fcl\u00f6nb\u00f6z\u0151 tev\u00e9kenys\u00e9geket szerveznek mint p\u00e9ld\u00e1ul:<\/p>\n<ul>\n<li>k\u00fcl\u00f6nb\u00f6z\u0151 \u00fcnnepi d\u00edszek elk\u00e9sz\u00edt\u00e9se<\/li>\n<li>egynapos kir\u00e1ndul\u00e1sok a gyermekekkel \u00e9s sz\u00fcleikkel<\/li>\n<li>ki\u00e1ll\u00edt\u00e1sok<\/li>\n<li>Falunap<\/li>\n<li>k\u00f6z\u00f6s rendezv\u00e9nyek az Ifj\u00fas\u00e1gi Egyes\u00fclettel<\/li>\n<\/ul>\n<p>&nbsp;<\/p>\n<p><strong>V\u00f6r\u00f6smarti \u00f3voda<\/strong><br \/>\n\u0160portska ulica 2A<br \/>\n\u00d3von\u0151: Gabrijela Juhas<br \/>\nCsoport: 1 kevert<br \/>\nGyerekek sz\u00e1ma: 5<\/p>\n<p>Az iskola\u00e9l\u0151tti oktat\u00e1s k\u00fcl\u00f6n\u00e1ll\u00f3 \u00e9p\u00fcletben van megszervezve amelynek tulajdona a V\u00f6r\u00f6smarti \u00e1ltal\u00e1nos iskola. Megalakult egy vegyes csoport 3 \u00e9ves kort\u00f3l \u00e1ltal\u00e1nos iskol\u00e1ig. A program 6 \u00f3r\u00e1s a csoportban a munka a magyar nemzeti kisebbs\u00e9g nyelv\u00e9n van azzal a k\u00f6telezetts\u00e9ggel, hogy heti 10 \u00f3ranak horv\u00e1t nyelven kell lenni.<\/p>\n<p>&nbsp;<\/p>\n<p>Az \u00f6sszes \u00f3vod\u00e1ban nagyon j\u00f3 az egy\u00fcttm\u0171k\u00f6d\u00e9s a sz\u00fcl\u0151kkel.<\/p>\n<p>&nbsp;<\/p>\n","protected":false},"excerpt":{"rendered":"<p>A Hercegsz\u00f6l\u0151si j\u00e1r\u00e1s 1998-ban megalap\u00edtotta a \u201eZeko\u201d (Nyuszi) \u00f3vod\u00e1t. Az \u00f3voda multj\u00e1ban meg kell eml\u00edteni, hogy a gyermekeknek Hercegsz\u00f6l\u0151s\u00f6n m\u00e9g 1978-ban volt el\u0151sz\u00f6r megszervezett iskolael\u0151k\u00e9szit\u0151 oktat\u00e1suk. Akkor az \u00f3vod\u00e1nak a j\u00e1r\u00e1s jelenlegi szintj\u00e9n, az \u00e1ltal\u00e1nos iskol\u00e1khoz tartoztak \u00e1llamiak voltak \u00e9s az \u00e1llami k\u00f6lts\u00e9gvet\u00e9sb\u0151l voltak finansz\u00edrozva. A j\u00e1r\u00e1s ter\u00fclet\u00e9n az \u00f3voda a nagyobb falukban m\u0171k\u00f6dik illetve [&hellip;]<\/p>\n","protected":false},"author":4,"featured_media":0,"parent":4926,"menu_order":0,"comment_status":"closed","ping_status":"open","template":"","meta":[],"_links":{"self":[{"href":"https:\/\/knezevi-vinogradi.hr\/hu\/wp-json\/wp\/v2\/pages\/4849\/"}],"collection":[{"href":"https:\/\/knezevi-vinogradi.hr\/hu\/wp-json\/wp\/v2\/pages\/"}],"about":[{"href":"https:\/\/knezevi-vinogradi.hr\/hu\/wp-json\/wp\/v2\/types\/page\/"}],"author":[{"embeddable":true,"href":"https:\/\/knezevi-vinogradi.hr\/hu\/wp-json\/wp\/v2\/users\/4\/"}],"replies":[{"embeddable":true,"href":"https:\/\/knezevi-vinogradi.hr\/hu\/wp-json\/wp\/v2\/comments\/?post=4849"}],"version-history":[{"count":17,"href":"https:\/\/knezevi-vinogradi.hr\/hu\/wp-json\/wp\/v2\/pages\/4849\/revisions\/"}],"predecessor-version":[{"id":58565,"href":"https:\/\/knezevi-vinogradi.hr\/hu\/wp-json\/wp\/v2\/pages\/4849\/revisions\/58565\/"}],"up":[{"embeddable":true,"href":"https:\/\/knezevi-vinogradi.hr\/hu\/wp-json\/wp\/v2\/pages\/4926\/"}],"wp:attachment":[{"href":"https:\/\/knezevi-vinogradi.hr\/hu\/wp-json\/wp\/v2\/media\/?parent=4849"}],"curies":[{"name":"wp","href":"https:\/\/api.w.org\/{rel}","templated":true}]}}