{"id":4918,"date":"2015-05-26T00:15:19","date_gmt":"2015-05-25T22:15:19","guid":{"rendered":"https:\/\/knezevi-vinogradi.hr\/?page_id=4918"},"modified":"2015-10-08T19:57:15","modified_gmt":"2015-10-08T17:57:15","slug":"linkek","status":"publish","type":"page","link":"https:\/\/knezevi-vinogradi.hr\/hu\/linkek\/","title":{"rendered":"Linkek"},"content":{"rendered":"<p>[vc_row][vc_column width=&#8221;1\/2&#8243;][vc_column_text]<\/p>\n<p>Az internetet b\u00f6ng\u00e9szve id\u0151nk\u00e9nt hasznos oldalakra bukkanunk, ezeket itt gy\u0171jt\u00f6tt\u00fck \u00f6ssze. \u00a0A lenti list\u00e1b\u00f3l v\u00e1lassz egy kateg\u00f3ri\u00e1t, majd egy weblapot, amit meg szeretn\u00e9l n\u00e9zni.<\/p>\n<h3><strong>Baranya<\/strong><\/h3>\n<p><a href=\"http:\/\/www.tzbaranje.hr\/\" target=\"_blank\">Turisti\u010dka zajednica Baranje <\/a><a href=\"http:\/\/www.lag-baranja.hr\/\" target=\"_blank\">LAG Baranja <\/a><a href=\"http:\/\/www.pcbm.hr\/\" target=\"_blank\">Poduzetni\u010dki centar Beli Manastir <\/a><a href=\"http:\/\/www.baranjski-vodovod.hr\/\" target=\"_blank\">Baranjski vodovod d.o.o. <\/a><a href=\"http:\/\/baranjskacistoca.hr\/\" target=\"_blank\">Baranjska \u010disto\u0107a d.o.o. <\/a><a href=\"http:\/\/www.beli-manastir.hr\/\" target=\"_blank\">Grad Beli Manastir <\/a><a href=\"http:\/\/www.draz.hr\/\" target=\"_blank\">Op\u0107ina Dra\u017e <\/a><a href=\"http:\/\/petlovac.hr\/\" target=\"_blank\">Op\u0107ina Petlovac <\/a><a href=\"http:\/\/www.jagodnjak.hr\/\" target=\"_blank\">Op\u0107ina Jagodnjak <\/a><a href=\"http:\/\/darda.hr\/\" target=\"_blank\">Op\u0107ina Darda <\/a><a href=\"http:\/\/popovac.hr\/\" target=\"_blank\">Op\u0107ina Popovac <\/a><a href=\"http:\/\/www.bilje.hr\/\" target=\"_blank\">Op\u0107ina Bilje <\/a><\/p>\n<h3>Esz\u00e9k-Baranya Megye<\/h3>\n<p><a href=\"http:\/\/www.osijek.hr\/\" target=\"_blank\">Osje\u010dko-baranjska \u017eupanija <\/a><a href=\"http:\/\/www.osijek.hr\/\" target=\"_blank\">Grad Osijek<\/a><a href=\"http:\/\/www.bilje.hr\/\" target=\"_blank\"> Regionalna razvojna agencija Slavonije i Baranje <\/a><\/p>\n<h3>A helyi \u00e9s region\u00e1lis m\u00e9dia<\/h3>\n<p><a href=\"http:\/\/www.glas-slavonije.hr\" target=\"_blank\">Glas Slavonije <\/a><a href=\"http:\/\/www.radio-baranja.hr\/\" target=\"_blank\">Radio Baranja <\/a><a href=\"http:\/\/www.slavonski-radio.com\" target=\"_blank\">Slavonski radio <\/a><a href=\"http:\/\/www.baranjamedija.hr\/\" target=\"_blank\">Baranja Medija <\/a><a href=\"http:\/\/baranja.hr\/\" target=\"_blank\">Baranja.hr <\/a><a href=\"http:\/\/baranja.24info.hr\/\" target=\"_blank\">Baranja 24 Info <\/a><a href=\"http:\/\/www.smu-mesz.hr\/magyar-napl%C3%B3.html\" target=\"_blank\">Horv\u00e1torsz\u00e1gi Magyar Napl\u00f3 <\/a><a href=\"http:\/\/www.huncro.hr\/\" target=\"_blank\">\u00daj Magyar K\u00e9pes\u00a0\u00dajs\u00e1g <\/a><a href=\"http:\/\/www.zvo.hr\/index.php?meni=11&amp;a=0\" target=\"_blank\">Izvor <\/a><a href=\"http:\/\/www.stv.hr\" target=\"_blank\">Televizija Slavonije i Baranje <\/a><a href=\"http:\/\/osjecka.com\/\" target=\"_blank\">Osje\u010dka TV<\/a>[\/vc_column_text][\/vc_column][vc_column width=&#8221;1\/2&#8243;][vc_column_text]<\/p>\n<h3>Korm\u00e1ny \u00e9s a miniszt\u00e9riumok<\/h3>\n<p><a href=\"http:\/\/www.vlada.hr\/\" target=\"_blank\">Vlada Republike Hrvatske<\/a> <a href=\"http:\/\/www.sabor.hr\/\" target=\"_blank\">Sabor Republike Hrvatske<\/a> <a href=\"http:\/\/www.predsjednik.hr\/\" target=\"_blank\">Predsjednik Republike Hrvatske<\/a> <a href=\"http:\/\/www.mingorp.hr\/\" target=\"_blank\">Ministarstvo gospodarstva <\/a><a href=\"http:\/\/www.mrrfeu.hr\/\" target=\"_blank\">Ministarstvo regionalnoga razvoja i fondova EU<\/a> <a href=\"http:\/\/www.mfin.hr\/\" target=\"_blank\">Ministarstvo financija<\/a> <a href=\"http:\/\/www.morh.hr\/\" target=\"_blank\">Ministarstvo obrane<\/a> <a href=\"http:\/\/www.mvep.hr\/\" target=\"_blank\">Ministarstvo vanjskih i europskih poslova<\/a> <a href=\"http:\/\/www.mup.hr\/\" target=\"_blank\">Ministarstvo unutarnjih poslova<\/a> <a href=\"http:\/\/www.mprh.hr\/\" target=\"_blank\">Ministarstvo pravosu\u0111a<\/a> <a href=\"http:\/\/www.uprava.hr\/\" target=\"_blank\">Ministarstvo uprave<\/a> <a href=\"http:\/\/www.minpo.hr\/\" target=\"_blank\">Ministarstvo poduzetni\u0161tva i obrta<\/a> <a href=\"http:\/\/www.mrms.hr\/\" target=\"_blank\">Ministarstvo rada i mirovinskog sustava<\/a> <a href=\"http:\/\/www.mppi.hr\/\" target=\"_blank\">Ministarstvo pomorstva, prometa i infrastrukture<\/a> <a href=\"http:\/\/www.mps.hr\/\" target=\"_blank\">Ministarstvo poljoprivrede<\/a> <a href=\"http:\/\/www.mint.hr\/\" target=\"_blank\">Ministarstvo turizma<\/a> <a href=\"http:\/\/www.mzoip.hr\/\" target=\"_blank\">Ministarstvo za\u0161tite okoli\u0161a i prirode<\/a> <a href=\"http:\/\/www.mgipu.hr\/\" target=\"_blank\">Ministarstvo graditeljstva i prostornog ure\u0111enja<\/a> <a href=\"http:\/\/www.branitelji.hr\/\" target=\"_blank\">Ministarstvo branitelja<\/a> <a href=\"http:\/\/www.mspm.hr\/\" target=\"_blank\">Ministarstvo socijalne politike i mladih<\/a> <a href=\"http:\/\/www.miz.hr\/\" target=\"_blank\">Ministarstvo zdravlja<\/a> <a href=\"http:\/\/public.mzos.hr\/Default.aspx\" target=\"_blank\">Ministarstvo znanosti, obrazovanja i sporta<\/a> <a href=\"http:\/\/www.min-kulture.hr\/\" target=\"_blank\">Ministarstvo kulture<\/a><\/p>\n<h3><strong>\u00c1llami int\u00e9zm\u00e9nyek<\/strong><\/h3>\n<p><a href=\"http:\/\/www.porezna-uprava.hr\/\">Porezna uprava<\/a> <a href=\"http:\/\/sudreg.pravosudje.hr\/\">Sudski registar<\/a><a href=\"http:\/\/www.hzz.hr\/\" target=\"_blank\"> Hrvatski zavod za zapo\u0161ljavanje<\/a><a class=\"category\" href=\"http:\/\/www.mirovinsko.hr\/\" target=\"_blank\"> Hrvatski zavod za mirovinsko osiguranje <\/a><a href=\"http:\/\/www.apprrr.hr\/\" target=\"_blank\">Hrvatski zavod za zdravstveno osiguranje Hrvatska turisti\u010dka zajednica Agencija za pla\u0107anja u poljoprivredi, ribarstvu i ruralnom razvoju <\/a><a href=\"http:\/\/www.hgk.hr\/\" target=\"_blank\">Hrvatska gospodarska komora<\/a> <a href=\"http:\/\/www.hok.hr\/\" target=\"_blank\">Hrvatska obrtni\u010dka komora<\/a> <a href=\"http:\/\/www.komora.hr\/\" target=\"_blank\">Hrvatska poljoprivredna komora<\/a> <a class=\"category\" href=\"http:\/\/www.katastar.hr\/dgu\/\" target=\"_blank\">Dr\u017eavna geodetska uprava &#8211; katastar <\/a><a class=\"category\" href=\"http:\/\/e-izvadak.pravosudje.hr\/home.htm\" target=\"_blank\">Sredi\u0161nja baza podataka zemlji\u0161noknji\u017enih odjela <\/a><a href=\"http:\/\/www.dzs.hr\/\" target=\"_blank\">Dr\u017eavni zavod za statistiku <\/a><a href=\"http:\/\/www.duzs.hr\/\" target=\"_blank\">Dr\u017eavna uprava za za\u0161titu i spa\u0161avanje <\/a><a href=\"http:\/\/www.uzuvrh.hr\/defaulthrv.aspx\" target=\"_blank\">Ured za Udruge <\/a><a href=\"http:\/\/www.uljppnm.vlada.hr\/\" target=\"_blank\">Ured za ljudska prava i prava nacionalnih manjina <\/a><a href=\"http:\/\/www.digured.hr\/\" target=\"_blank\">Digitalni informacijsko-dokumentacijski ured <\/a><a href=\"http:\/\/www.savjetodavna.hr\/\" target=\"_blank\">Savjetodavna slu\u017eba <\/a><a href=\"http:\/\/www.savjet.nacionalne-manjine.info\/\" target=\"_blank\">Savjet za nacionalne manjine <\/a><a href=\"http:\/\/www.biznet.hr\/\" target=\"_blank\">Biznet sustav HGK<\/a> [\/vc_column_text][\/vc_column][\/vc_row]<\/p>\n","protected":false},"excerpt":{"rendered":"<p>[vc_row][vc_column width=&#8221;1\/2&#8243;][vc_column_text] Az internetet b\u00f6ng\u00e9szve id\u0151nk\u00e9nt hasznos oldalakra bukkanunk, ezeket itt gy\u0171jt\u00f6tt\u00fck \u00f6ssze. \u00a0A lenti list\u00e1b\u00f3l v\u00e1lassz egy kateg\u00f3ri\u00e1t, majd egy weblapot, amit meg szeretn\u00e9l n\u00e9zni. Baranya Turisti\u010dka zajednica Baranje LAG Baranja Poduzetni\u010dki centar Beli Manastir Baranjski vodovod d.o.o. Baranjska \u010disto\u0107a d.o.o. Grad Beli Manastir Op\u0107ina Dra\u017e Op\u0107ina Petlovac Op\u0107ina Jagodnjak Op\u0107ina Darda Op\u0107ina Popovac [&hellip;]<\/p>\n","protected":false},"author":4,"featured_media":0,"parent":0,"menu_order":0,"comment_status":"closed","ping_status":"open","template":"","meta":[],"_links":{"self":[{"href":"https:\/\/knezevi-vinogradi.hr\/hu\/wp-json\/wp\/v2\/pages\/4918\/"}],"collection":[{"href":"https:\/\/knezevi-vinogradi.hr\/hu\/wp-json\/wp\/v2\/pages\/"}],"about":[{"href":"https:\/\/knezevi-vinogradi.hr\/hu\/wp-json\/wp\/v2\/types\/page\/"}],"author":[{"embeddable":true,"href":"https:\/\/knezevi-vinogradi.hr\/hu\/wp-json\/wp\/v2\/users\/4\/"}],"replies":[{"embeddable":true,"href":"https:\/\/knezevi-vinogradi.hr\/hu\/wp-json\/wp\/v2\/comments\/?post=4918"}],"version-history":[{"count":3,"href":"https:\/\/knezevi-vinogradi.hr\/hu\/wp-json\/wp\/v2\/pages\/4918\/revisions\/"}],"predecessor-version":[{"id":4934,"href":"https:\/\/knezevi-vinogradi.hr\/hu\/wp-json\/wp\/v2\/pages\/4918\/revisions\/4934\/"}],"wp:attachment":[{"href":"https:\/\/knezevi-vinogradi.hr\/hu\/wp-json\/wp\/v2\/media\/?parent=4918"}],"curies":[{"name":"wp","href":"https:\/\/api.w.org\/{rel}","templated":true}]}}