{"id":6654,"date":"2015-09-29T22:55:52","date_gmt":"2015-09-29T20:55:52","guid":{"rendered":"https:\/\/knezevi-vinogradi.hr\/?page_id=6654"},"modified":"2016-01-04T22:16:08","modified_gmt":"2016-01-04T21:16:08","slug":"szallashely","status":"publish","type":"page","link":"https:\/\/knezevi-vinogradi.hr\/hu\/turizmus\/szallashely\/","title":{"rendered":"Sz\u00e1ll\u00e1shely"},"content":{"rendered":"<form autocomplete=\"off\" name=\"wpv-filter-4438-40cd750bba9870f18aada2478b24840a\" action=\"https:\/\/knezevi-vinogradi.hr\/hu\/turizmus\/szallashely\/\" method=\"get\" class=\"wpv-filter-form js-wpv-filter-form js-wpv-filter-form-4438-40cd750bba9870f18aada2478b24840a js-wpv-form-full\" data-viewnumber=\"4438-40cd750bba9870f18aada2478b24840a\" data-viewid=\"4438\"><input type=\"hidden\" class=\"js-wpv-dps-filter-data js-wpv-filter-data-for-this-form\" data-action=\"https:\/\/knezevi-vinogradi.hr\/hu\/turizmus\/szallashely\/\" data-page=\"1\" data-ajax=\"disable\" data-effect=\"fade\" data-maxpages=\"1\" data-ajaxprebefore=\"\" data-ajaxbefore=\"\" data-ajaxafter=\"\" \/><input id=\"wpv_paged_max-4438-40cd750bba9870f18aada2478b24840a\" type=\"hidden\" name=\"wpv_paged_max\" value=\"1\" \/><input id=\"wpv_paged_preload_reach-4438-40cd750bba9870f18aada2478b24840a\" type=\"hidden\" name=\"wpv_paged_preload_reach\" value=\"1\" \/><input id=\"wpv_widget_view-4438-40cd750bba9870f18aada2478b24840a\" type=\"hidden\" name=\"wpv_widget_view_id\" value=\"0\" \/><input id=\"wpv_view_count-4438-40cd750bba9870f18aada2478b24840a\" type=\"hidden\" name=\"wpv_view_count\" value=\"4438-40cd750bba9870f18aada2478b24840a\" \/><input id=\"wpv_view_hash-4438-40cd750bba9870f18aada2478b24840a\" type=\"hidden\" name=\"wpv_view_hash\" value=\"eyJuYW1lIjoiU21qZVx1MDE2MXRhaiJ9\" \/><input id=\"wpv_post_id-4438-40cd750bba9870f18aada2478b24840a\" type=\"hidden\" name=\"wpv_post_id\" value=\"6654\" class=\"js-wpv-keep-on-clear\" \/>\n\n\n\u00a0\u00a0\u00a0\n\n\n\n<\/form>\n\n\t\n\t<!-- wpv-loop-start -->\n   <table width=\"100%\">\n      \n         \n          <tr>\n            <td class=\"agregacija\">\n              <a href=\"https:\/\/knezevi-vinogradi.hr\/turisticki-subjekt\/autohtono-seljacko-gospodarstvo-sklepic\/\">Autohtono selja\u010dko gospodarstvo Sklepi\u0107<\/a><br\/>\n              \n                  <a href=\"https:\/\/knezevi-vinogradi.hr\/turisticki-subjekt\/autohtono-seljacko-gospodarstvo-sklepic\/\">\n                   <img width=\"134\" height=\"150\" src=\"https:\/\/knezevi-vinogradi.hr\/wp-content\/uploads\/2015\/09\/Sklepic-134x150.png\" class=\"attachment-thumbnail popis\" alt=\"\" loading=\"lazy\" style=\"\" title=\"\" \/>\n                  <\/a>\n              \n              \n            <\/td>\n     \n          \n         \n             <td class=\"agregacija\">\n              <a href=\"https:\/\/knezevi-vinogradi.hr\/turisticki-subjekt\/baranjski-dvori\/\">Baranjski Dvori<\/a><br\/>\n              \n                  <a href=\"https:\/\/knezevi-vinogradi.hr\/turisticki-subjekt\/baranjski-dvori\/\">\n                   <img width=\"150\" height=\"150\" src=\"https:\/\/knezevi-vinogradi.hr\/wp-content\/uploads\/2020\/07\/84831862_10158346448805715_5632337588472774656_n-150x150.png\" class=\"attachment-thumbnail popis\" alt=\"\" loading=\"lazy\" style=\"\" title=\"\" srcset=\"https:\/\/knezevi-vinogradi.hr\/wp-content\/uploads\/2020\/07\/84831862_10158346448805715_5632337588472774656_n-150x150.png 150w, https:\/\/knezevi-vinogradi.hr\/wp-content\/uploads\/2020\/07\/84831862_10158346448805715_5632337588472774656_n.png 300w\" sizes=\"(max-width: 150px) 100vw, 150px\" \/>\n                  <\/a>\n              \n              \n            <\/td>\n\n          \n         \n             <td class=\"agregacija\">\n              <a href=\"https:\/\/knezevi-vinogradi.hr\/turisticki-subjekt\/dvori-1882\/\">Dvori 1882<\/a><br\/>\n              \n                  <a href=\"https:\/\/knezevi-vinogradi.hr\/turisticki-subjekt\/dvori-1882\/\">\n                   <img width=\"150\" height=\"97\" src=\"https:\/\/knezevi-vinogradi.hr\/wp-content\/uploads\/2023\/11\/Dvori-logo-2.jpg\" class=\"attachment-thumbnail popis\" alt=\"\" loading=\"lazy\" style=\"\" title=\"\" \/>\n                  <\/a>\n              \n              \n            <\/td>\n\n          \n         \n             <td class=\"agregacija\">\n              <a href=\"https:\/\/knezevi-vinogradi.hr\/turisticki-subjekt\/etno-kuca-martinov\/\">Etno ku\u0107a Martinov<\/a><br\/>\n              \n                  <a href=\"https:\/\/knezevi-vinogradi.hr\/turisticki-subjekt\/etno-kuca-martinov\/\">\n                   <img width=\"150\" height=\"150\" src=\"https:\/\/knezevi-vinogradi.hr\/wp-content\/uploads\/2018\/09\/etno-kuca-martinov-g13-150x150.jpg\" class=\"attachment-thumbnail popis\" alt=\"\" loading=\"lazy\" style=\"\" title=\"\" \/>\n                  <\/a>\n              \n              \n            <\/td>\n          <\/tr>\n         \n         \n         \n          <tr>\n            <td class=\"agregacija\">\n              <a href=\"https:\/\/knezevi-vinogradi.hr\/turisticki-subjekt\/kuca-lovra\/\">Ku\u0107a LoVra<\/a><br\/>\n              \n                  <a href=\"https:\/\/knezevi-vinogradi.hr\/turisticki-subjekt\/kuca-lovra\/\">\n                   <img width=\"150\" height=\"150\" src=\"https:\/\/knezevi-vinogradi.hr\/wp-content\/uploads\/2020\/06\/81961669_151369842961677_9140354107184250880_n-150x150.jpg\" class=\"attachment-thumbnail popis\" alt=\"\" loading=\"lazy\" style=\"\" title=\"\" srcset=\"https:\/\/knezevi-vinogradi.hr\/wp-content\/uploads\/2020\/06\/81961669_151369842961677_9140354107184250880_n-150x150.jpg 150w, https:\/\/knezevi-vinogradi.hr\/wp-content\/uploads\/2020\/06\/81961669_151369842961677_9140354107184250880_n-480x480.jpg 480w, https:\/\/knezevi-vinogradi.hr\/wp-content\/uploads\/2020\/06\/81961669_151369842961677_9140354107184250880_n.jpg 516w\" sizes=\"(max-width: 150px) 100vw, 150px\" \/>\n                  <\/a>\n              \n              \n            <\/td>\n     \n          \n         \n             <td class=\"agregacija\">\n              <a href=\"https:\/\/knezevi-vinogradi.hr\/turisticki-subjekt\/kuca-za-odmor-mali-andeo\/\">Ku\u0107a za odmor \u02ddMali an\u0111eo\u02dd<\/a><br\/>\n              \n                  <a href=\"https:\/\/knezevi-vinogradi.hr\/turisticki-subjekt\/kuca-za-odmor-mali-andeo\/\">\n                   <img width=\"150\" height=\"150\" src=\"https:\/\/knezevi-vinogradi.hr\/wp-content\/uploads\/2018\/09\/40383090_609251172810281_2089376451336863744_n-150x150.jpg\" class=\"attachment-thumbnail popis\" alt=\"\" loading=\"lazy\" style=\"\" title=\"\" \/>\n                  <\/a>\n              \n              \n            <\/td>\n\n          \n         \n             <td class=\"agregacija\">\n              <a href=\"https:\/\/knezevi-vinogradi.hr\/turisticki-subjekt\/kuce-za-odmor-oaza-mira-i-zmajevac\/\">Ku\u0107e za odmor \u201eOaza mira\u201c i \u201eZmajevac\u201c<\/a><br\/>\n              \n              \n                  <a href=\"https:\/\/knezevi-vinogradi.hr\/turisticki-subjekt\/kuce-za-odmor-oaza-mira-i-zmajevac\/\">\n                    <img src=\"\/wp-content\/uploads\/2015\/07\/bacva-mala.jpg\" class=\"popis\" \/>\n                  <\/a>\n              \n            <\/td>\n\n          \n         \n             <td class=\"agregacija\">\n              <a href=\"https:\/\/knezevi-vinogradi.hr\/turisticki-subjekt\/lovacka-kuca-monjoros\/\">Lova\u010dka ku\u0107a Monjoro\u0161<\/a><br\/>\n              \n                  <a href=\"https:\/\/knezevi-vinogradi.hr\/turisticki-subjekt\/lovacka-kuca-monjoros\/\">\n                   <img width=\"150\" height=\"150\" src=\"https:\/\/knezevi-vinogradi.hr\/wp-content\/uploads\/2015\/09\/monjoros_1-150x150.jpg\" class=\"attachment-thumbnail popis\" alt=\"\" loading=\"lazy\" style=\"\" title=\"\" \/>\n                  <\/a>\n              \n              \n            <\/td>\n          <\/tr>\n         \n         \n         \n          <tr>\n            <td class=\"agregacija\">\n              <a href=\"https:\/\/knezevi-vinogradi.hr\/turisticki-subjekt\/lovacki-dom-zlatna-greda\/\">Lova\u010dki dom Zlatna Greda<\/a><br\/>\n              \n                  <a href=\"https:\/\/knezevi-vinogradi.hr\/turisticki-subjekt\/lovacki-dom-zlatna-greda\/\">\n                   <img width=\"150\" height=\"150\" src=\"https:\/\/knezevi-vinogradi.hr\/wp-content\/uploads\/2015\/09\/lovacki-dom-zlatna-greda-05-150x150.jpg\" class=\"attachment-thumbnail popis\" alt=\"\" loading=\"lazy\" style=\"\" title=\"\" \/>\n                  <\/a>\n              \n              \n            <\/td>\n     \n          \n         \n             <td class=\"agregacija\">\n              <a href=\"https:\/\/knezevi-vinogradi.hr\/turisticki-subjekt\/podrumi-kolar\/\">Podrumi Kolar<\/a><br\/>\n              \n                  <a href=\"https:\/\/knezevi-vinogradi.hr\/turisticki-subjekt\/podrumi-kolar\/\">\n                   <img width=\"150\" height=\"150\" src=\"https:\/\/knezevi-vinogradi.hr\/wp-content\/uploads\/2015\/09\/Kolar-150x150.jpg\" class=\"attachment-thumbnail popis\" alt=\"\" loading=\"lazy\" style=\"\" title=\"\" srcset=\"https:\/\/knezevi-vinogradi.hr\/wp-content\/uploads\/2015\/09\/Kolar-150x150.jpg 150w, https:\/\/knezevi-vinogradi.hr\/wp-content\/uploads\/2015\/09\/Kolar.jpg 302w\" sizes=\"(max-width: 150px) 100vw, 150px\" \/>\n                  <\/a>\n              \n              \n            <\/td>\n\n          \n         \n             <td class=\"agregacija\">\n              <a href=\"https:\/\/knezevi-vinogradi.hr\/turisticki-subjekt\/privatni-smjestaj-skvorc\/\">Privatni smje\u0161taj \u0160kvorc<\/a><br\/>\n              \n                  <a href=\"https:\/\/knezevi-vinogradi.hr\/turisticki-subjekt\/privatni-smjestaj-skvorc\/\">\n                   <img width=\"150\" height=\"150\" src=\"https:\/\/knezevi-vinogradi.hr\/wp-content\/uploads\/2015\/09\/20160224_151353-150x150.jpg\" class=\"attachment-thumbnail popis\" alt=\"\" loading=\"lazy\" style=\"\" title=\"\" \/>\n                  <\/a>\n              \n              \n            <\/td>\n\n          \n         \n             <td class=\"agregacija\">\n              <a href=\"https:\/\/knezevi-vinogradi.hr\/turisticki-subjekt\/ruralna-kuca-za-odmor-zajec\/\">Ruralna ku\u0107a za odmor Zajec<\/a><br\/>\n              \n                  <a href=\"https:\/\/knezevi-vinogradi.hr\/turisticki-subjekt\/ruralna-kuca-za-odmor-zajec\/\">\n                   <img width=\"150\" height=\"150\" src=\"https:\/\/knezevi-vinogradi.hr\/wp-content\/uploads\/2015\/09\/Zajec-150x150.jpg\" class=\"attachment-thumbnail popis\" alt=\"\" loading=\"lazy\" style=\"\" title=\"\" \/>\n                  <\/a>\n              \n              \n            <\/td>\n          <\/tr>\n         \n         \n         \n          <tr>\n            <td class=\"agregacija\">\n              <a href=\"https:\/\/knezevi-vinogradi.hr\/turisticki-subjekt\/seljacko-domacinstvo-bakine-carolije\/\">Selja\u010dko doma\u0107instvo Bakine \u010darolije<\/a><br\/>\n              \n                  <a href=\"https:\/\/knezevi-vinogradi.hr\/turisticki-subjekt\/seljacko-domacinstvo-bakine-carolije\/\">\n                   <img width=\"150\" height=\"131\" src=\"https:\/\/knezevi-vinogradi.hr\/wp-content\/uploads\/2015\/09\/bakine---arolije-150x131.jpg\" class=\"attachment-thumbnail popis\" alt=\"\" loading=\"lazy\" style=\"\" title=\"\" \/>\n                  <\/a>\n              \n              \n            <\/td>\n     \n          \n         \n             <td class=\"agregacija\">\n              <a href=\"https:\/\/knezevi-vinogradi.hr\/turisticki-subjekt\/seljacko-domacinstvo-baranjske-noci\/\">Selja\u010dko doma\u0107instvo Baranjske no\u0107i<\/a><br\/>\n              \n                  <a href=\"https:\/\/knezevi-vinogradi.hr\/turisticki-subjekt\/seljacko-domacinstvo-baranjske-noci\/\">\n                   <img width=\"150\" height=\"150\" src=\"https:\/\/knezevi-vinogradi.hr\/wp-content\/uploads\/2018\/09\/36063512_2081520965405057_7272734904763285504_o-150x150.jpg\" class=\"attachment-thumbnail popis\" alt=\"\" loading=\"lazy\" style=\"\" title=\"\" \/>\n                  <\/a>\n              \n              \n            <\/td>\n\n          \n         \n             <td class=\"agregacija\">\n              <a href=\"https:\/\/knezevi-vinogradi.hr\/turisticki-subjekt\/seljacko-gospodarstvo-stara-baranja\/\">Selja\u010dko gospodarstvo Stara Baranja<\/a><br\/>\n              \n                  <a href=\"https:\/\/knezevi-vinogradi.hr\/turisticki-subjekt\/seljacko-gospodarstvo-stara-baranja\/\">\n                   <img width=\"150\" height=\"66\" src=\"https:\/\/knezevi-vinogradi.hr\/wp-content\/uploads\/2015\/09\/stara_baranja_logo-wpcf_480x158-150x66.png\" class=\"attachment-thumbnail popis\" alt=\"\" loading=\"lazy\" style=\"\" title=\"\" \/>\n                  <\/a>\n              \n              \n            <\/td>\n\n          \n         \n             <td class=\"agregacija\">\n              <a href=\"https:\/\/knezevi-vinogradi.hr\/turisticki-subjekt\/seosko-domacinstvo-jurini-dvori\/\">Seosko doma\u0107instvo Jurini dvori<\/a><br\/>\n              \n                  <a href=\"https:\/\/knezevi-vinogradi.hr\/turisticki-subjekt\/seosko-domacinstvo-jurini-dvori\/\">\n                   <img width=\"150\" height=\"150\" src=\"https:\/\/knezevi-vinogradi.hr\/wp-content\/uploads\/2015\/09\/jurini-dvori-150x150.jpg\" class=\"attachment-thumbnail popis\" alt=\"\" loading=\"lazy\" style=\"\" title=\"\" \/>\n                  <\/a>\n              \n              \n            <\/td>\n          <\/tr>\n         \n         \n         \n          <tr>\n            <td class=\"agregacija\">\n              <a href=\"https:\/\/knezevi-vinogradi.hr\/turisticki-subjekt\/seosko-gospodarstvo-ivica-i-marica\/\">Seosko gospodarstvo Ivica i Marica<\/a><br\/>\n              \n                  <a href=\"https:\/\/knezevi-vinogradi.hr\/turisticki-subjekt\/seosko-gospodarstvo-ivica-i-marica\/\">\n                   <img width=\"150\" height=\"150\" src=\"https:\/\/knezevi-vinogradi.hr\/wp-content\/uploads\/2015\/09\/ivica-marica-150x150.jpg\" class=\"attachment-thumbnail popis\" alt=\"\" loading=\"lazy\" style=\"\" title=\"\" \/>\n                  <\/a>\n              \n              \n            <\/td>\n     \n          \n         \n             <td class=\"agregacija\">\n              <a href=\"https:\/\/knezevi-vinogradi.hr\/turisticki-subjekt\/sobe-irena\/\">Sobe Irena<\/a><br\/>\n              \n                  <a href=\"https:\/\/knezevi-vinogradi.hr\/turisticki-subjekt\/sobe-irena\/\">\n                   <img width=\"150\" height=\"150\" src=\"https:\/\/knezevi-vinogradi.hr\/wp-content\/uploads\/2015\/09\/Slike-2024-1-150x150.jpg\" class=\"attachment-thumbnail popis\" alt=\"\" loading=\"lazy\" style=\"\" title=\"\" \/>\n                  <\/a>\n              \n              \n            <\/td>\n\n          \n         \n             <td class=\"agregacija\">\n              <a href=\"https:\/\/knezevi-vinogradi.hr\/turisticki-subjekt\/sobe-obitelj-deri\/\">Sobe obitelji \u0110eri<\/a><br\/>\n              \n                  <a href=\"https:\/\/knezevi-vinogradi.hr\/turisticki-subjekt\/sobe-obitelj-deri\/\">\n                   <img width=\"150\" height=\"150\" src=\"https:\/\/knezevi-vinogradi.hr\/wp-content\/uploads\/2015\/09\/1-150x150.jpg\" class=\"attachment-thumbnail popis\" alt=\"\" loading=\"lazy\" style=\"\" title=\"\" \/>\n                  <\/a>\n              \n              \n            <\/td>\n\n          \n         \n             <td class=\"agregacija\">\n              <a href=\"https:\/\/knezevi-vinogradi.hr\/turisticki-subjekt\/sobe-%cb%9dkod-baje%cb%9d\/\">Sobe \u02ddKod Baje\u02dd<\/a><br\/>\n              \n                  <a href=\"https:\/\/knezevi-vinogradi.hr\/turisticki-subjekt\/sobe-%cb%9dkod-baje%cb%9d\/\">\n                   <img width=\"150\" height=\"150\" src=\"https:\/\/knezevi-vinogradi.hr\/wp-content\/uploads\/2018\/09\/1013405_350030888457701_1236620430_n-150x150.jpg\" class=\"attachment-thumbnail popis\" alt=\"\" loading=\"lazy\" style=\"\" title=\"\" \/>\n                  <\/a>\n              \n              \n            <\/td>\n          <\/tr>\n         \n         \n         \n          <tr>\n            <td class=\"agregacija\">\n              <a href=\"https:\/\/knezevi-vinogradi.hr\/turisticki-subjekt\/studio-apartman-ondine\/\">Studio apartman \u201cONDINE\u201d<\/a><br\/>\n              \n                  <a href=\"https:\/\/knezevi-vinogradi.hr\/turisticki-subjekt\/studio-apartman-ondine\/\">\n                   <img width=\"150\" height=\"150\" src=\"https:\/\/knezevi-vinogradi.hr\/wp-content\/uploads\/2023\/09\/358715231_110600812112048_622612782059455227_n-1-1-150x150.jpg\" class=\"attachment-thumbnail popis\" alt=\"\" loading=\"lazy\" style=\"\" title=\"\" srcset=\"https:\/\/knezevi-vinogradi.hr\/wp-content\/uploads\/2023\/09\/358715231_110600812112048_622612782059455227_n-1-1-150x150.jpg 150w, https:\/\/knezevi-vinogradi.hr\/wp-content\/uploads\/2023\/09\/358715231_110600812112048_622612782059455227_n-1-1.jpg 200w\" sizes=\"(max-width: 150px) 100vw, 150px\" \/>\n                  <\/a>\n              \n              \n            <\/td>\n     \n          \n         \n             <td class=\"agregacija\">\n              <a href=\"https:\/\/knezevi-vinogradi.hr\/turisticki-subjekt\/villa-baranja\/\">Villa Baranja<\/a><br\/>\n              \n                  <a href=\"https:\/\/knezevi-vinogradi.hr\/turisticki-subjekt\/villa-baranja\/\">\n                   <img width=\"150\" height=\"150\" src=\"https:\/\/knezevi-vinogradi.hr\/wp-content\/uploads\/2015\/09\/jpeg-id-08e2ad30-8ef2-4b46-965c-5e5f92d8ee92-150x150.jpeg\" class=\"attachment-thumbnail popis\" alt=\"\" loading=\"lazy\" style=\"\" title=\"\" \/>\n                  <\/a>\n              \n              \n            <\/td>\n\n          \n         \n             <td class=\"agregacija\">\n              <a href=\"https:\/\/knezevi-vinogradi.hr\/turisticki-subjekt\/villa-sorella-karanac\/\">Villa Sorella &#8211; Karanac<\/a><br\/>\n              \n                  <a href=\"https:\/\/knezevi-vinogradi.hr\/turisticki-subjekt\/villa-sorella-karanac\/\">\n                   <img width=\"150\" height=\"150\" src=\"https:\/\/knezevi-vinogradi.hr\/wp-content\/uploads\/2021\/05\/20210305_191952-1-150x150.jpg\" class=\"attachment-thumbnail popis\" alt=\"\" loading=\"lazy\" style=\"\" title=\"\" \/>\n                  <\/a>\n              \n              \n            <\/td>\n\n          \n            <td><\/td>\n        <\/tr> \n      \n   <\/table>\n\t<!-- wpv-loop-end -->\n\t\n\t\n\n\n<form autocomplete=\"off\" name=\"wpv-filter-4438-40cd750bba9870f18aada2478b24840a\" action=\"https:\/\/knezevi-vinogradi.hr\/hu\/turizmus\/szallashely\/\" method=\"get\" class=\"wpv-filter-form js-wpv-filter-form js-wpv-filter-form-4438-40cd750bba9870f18aada2478b24840a js-wpv-form-full\" data-viewnumber=\"4438-40cd750bba9870f18aada2478b24840a\" data-viewid=\"4438\"><input type=\"hidden\" class=\"js-wpv-dps-filter-data js-wpv-filter-data-for-this-form\" data-action=\"https:\/\/knezevi-vinogradi.hr\/hu\/turizmus\/szallashely\/\" data-page=\"1\" data-ajax=\"disable\" data-effect=\"fade\" data-maxpages=\"1\" data-ajaxprebefore=\"\" data-ajaxbefore=\"\" data-ajaxafter=\"\" \/><input id=\"wpv_paged_max-4438-40cd750bba9870f18aada2478b24840a\" type=\"hidden\" name=\"wpv_paged_max\" value=\"1\" \/><input id=\"wpv_paged_preload_reach-4438-40cd750bba9870f18aada2478b24840a\" type=\"hidden\" name=\"wpv_paged_preload_reach\" value=\"1\" \/><input id=\"wpv_widget_view-4438-40cd750bba9870f18aada2478b24840a\" type=\"hidden\" name=\"wpv_widget_view_id\" value=\"0\" \/><input id=\"wpv_view_count-4438-40cd750bba9870f18aada2478b24840a\" type=\"hidden\" name=\"wpv_view_count\" value=\"4438-40cd750bba9870f18aada2478b24840a\" \/><input id=\"wpv_view_hash-4438-40cd750bba9870f18aada2478b24840a\" type=\"hidden\" name=\"wpv_view_hash\" value=\"eyJuYW1lIjoiU21qZVx1MDE2MXRhaiJ9\" \/><input id=\"wpv_post_id-4438-40cd750bba9870f18aada2478b24840a\" type=\"hidden\" name=\"wpv_post_id\" value=\"6654\" class=\"js-wpv-keep-on-clear\" \/>\n\n\n\u00a0\u00a0\u00a0\n\n\n\n<\/form>\n","protected":false},"excerpt":{"rendered":"\u00a0\u00a0\u00a0 Autohtono selja\u010dko gospodarstvo Sklepi\u0107 Baranjski Dvori Dvori 1882 Etno ku\u0107a Martinov Ku\u0107a LoVra Ku\u0107a za odmor \u02ddMali an\u0111eo\u02dd Ku\u0107e za odmor \u201eOaza mira\u201c i \u201eZmajevac\u201c Lova\u010dka ku\u0107a Monjoro\u0161 Lova\u010dki dom Zlatna Greda Podrumi Kolar Privatni smje\u0161taj \u0160kvorc Ruralna ku\u0107a za odmor Zajec Selja\u010dko doma\u0107instvo Bakine \u010darolije Selja\u010dko doma\u0107instvo Baranjske no\u0107i Selja\u010dko gospodarstvo Stara Baranja [...]","protected":false},"author":2,"featured_media":0,"parent":4731,"menu_order":0,"comment_status":"closed","ping_status":"closed","template":"","meta":[],"_links":{"self":[{"href":"https:\/\/knezevi-vinogradi.hr\/hu\/wp-json\/wp\/v2\/pages\/6654\/"}],"collection":[{"href":"https:\/\/knezevi-vinogradi.hr\/hu\/wp-json\/wp\/v2\/pages\/"}],"about":[{"href":"https:\/\/knezevi-vinogradi.hr\/hu\/wp-json\/wp\/v2\/types\/page\/"}],"author":[{"embeddable":true,"href":"https:\/\/knezevi-vinogradi.hr\/hu\/wp-json\/wp\/v2\/users\/2\/"}],"replies":[{"embeddable":true,"href":"https:\/\/knezevi-vinogradi.hr\/hu\/wp-json\/wp\/v2\/comments\/?post=6654"}],"version-history":[{"count":1,"href":"https:\/\/knezevi-vinogradi.hr\/hu\/wp-json\/wp\/v2\/pages\/6654\/revisions\/"}],"predecessor-version":[{"id":6655,"href":"https:\/\/knezevi-vinogradi.hr\/hu\/wp-json\/wp\/v2\/pages\/6654\/revisions\/6655\/"}],"up":[{"embeddable":true,"href":"https:\/\/knezevi-vinogradi.hr\/hu\/wp-json\/wp\/v2\/pages\/4731\/"}],"wp:attachment":[{"href":"https:\/\/knezevi-vinogradi.hr\/hu\/wp-json\/wp\/v2\/media\/?parent=6654"}],"curies":[{"name":"wp","href":"https:\/\/api.w.org\/{rel}","templated":true}]}}