{"id":8715,"date":"2015-09-29T23:59:14","date_gmt":"2015-09-29T22:59:14","guid":{"rendered":"https:\/\/knezevi-vinogradi.hr\/?page_id=8715"},"modified":"2016-09-14T06:07:47","modified_gmt":"2016-09-14T05:07:47","slug":"religija","status":"publish","type":"page","link":"https:\/\/knezevi-vinogradi.hr\/sr\/religija\/","title":{"rendered":"\u0420\u0435\u043b\u0438\u0433\u0438\u0458\u0430"},"content":{"rendered":"<form autocomplete=\"off\" name=\"wpv-filter-4467-40cd750bba9870f18aada2478b24840a\" action=\"https:\/\/knezevi-vinogradi.hr\/sr\/religija\/\" method=\"get\" class=\"wpv-filter-form js-wpv-filter-form js-wpv-filter-form-4467-40cd750bba9870f18aada2478b24840a js-wpv-form-full\" data-viewnumber=\"4467-40cd750bba9870f18aada2478b24840a\" data-viewid=\"4467\"><input type=\"hidden\" class=\"js-wpv-dps-filter-data js-wpv-filter-data-for-this-form\" data-action=\"https:\/\/knezevi-vinogradi.hr\/sr\/religija\/\" data-page=\"1\" data-ajax=\"disable\" data-effect=\"fade\" data-maxpages=\"1\" data-ajaxprebefore=\"\" data-ajaxbefore=\"\" data-ajaxafter=\"\" \/><input id=\"wpv_paged_max-4467-40cd750bba9870f18aada2478b24840a\" type=\"hidden\" name=\"wpv_paged_max\" value=\"1\" \/><input id=\"wpv_paged_preload_reach-4467-40cd750bba9870f18aada2478b24840a\" type=\"hidden\" name=\"wpv_paged_preload_reach\" value=\"1\" \/><input id=\"wpv_widget_view-4467-40cd750bba9870f18aada2478b24840a\" type=\"hidden\" name=\"wpv_widget_view_id\" value=\"0\" \/><input id=\"wpv_view_count-4467-40cd750bba9870f18aada2478b24840a\" type=\"hidden\" name=\"wpv_view_count\" value=\"4467-40cd750bba9870f18aada2478b24840a\" \/><input id=\"wpv_view_hash-4467-40cd750bba9870f18aada2478b24840a\" type=\"hidden\" name=\"wpv_view_hash\" value=\"eyJuYW1lIjoiUmVsaWdpamEifQ==\" \/><input id=\"wpv_post_id-4467-40cd750bba9870f18aada2478b24840a\" type=\"hidden\" name=\"wpv_post_id\" value=\"8715\" class=\"js-wpv-keep-on-clear\" \/>\n\n\n\u00a0\u00a0\u00a0\n\n\n\n<\/form>\n\n\t\n\t<!-- wpv-loop-start -->\n   <table width=\"100%\">\n      \n         \n          <tr>\n            <td class=\"agregacija\">\n              <a href=\"https:\/\/knezevi-vinogradi.hr\/udruga\/reformatska-crkva-u-knezevim-vinogradima\/\">Reformatska crkva u Kne\u017eevim Vinogradima<\/a><br\/>\n              \n                  <a href=\"https:\/\/knezevi-vinogradi.hr\/udruga\/reformatska-crkva-u-knezevim-vinogradima\/\">\n                   <img width=\"150\" height=\"150\" src=\"https:\/\/knezevi-vinogradi.hr\/wp-content\/uploads\/2015\/09\/IMG_1384-150x150.jpg\" class=\"attachment-thumbnail popis\" alt=\"\" loading=\"lazy\" style=\"\" title=\"\" \/>\n                  <\/a>\n              \n              \n            <\/td>\n     \n          \n         \n             <td class=\"agregacija\">\n              <a href=\"https:\/\/knezevi-vinogradi.hr\/udruga\/reformatska-crkva-u-suzi\/\">Reformatska crkva u Suzi<\/a><br\/>\n              \n                  <a href=\"https:\/\/knezevi-vinogradi.hr\/udruga\/reformatska-crkva-u-suzi\/\">\n                   <img width=\"150\" height=\"150\" src=\"https:\/\/knezevi-vinogradi.hr\/wp-content\/uploads\/2015\/09\/Bez-naslova-150x150.jpg\" class=\"attachment-thumbnail popis\" alt=\"\" loading=\"lazy\" style=\"\" title=\"\" \/>\n                  <\/a>\n              \n              \n            <\/td>\n\n          \n         \n             <td class=\"agregacija\">\n              <a href=\"https:\/\/knezevi-vinogradi.hr\/udruga\/reformatska-crkva-u-zmajevcu\/\">Reformatska crkva u Zmajevcu<\/a><br\/>\n              \n                  <a href=\"https:\/\/knezevi-vinogradi.hr\/udruga\/reformatska-crkva-u-zmajevcu\/\">\n                   <img width=\"150\" height=\"150\" src=\"https:\/\/knezevi-vinogradi.hr\/wp-content\/uploads\/2015\/09\/Bez-naslova1-150x150.jpg\" class=\"attachment-thumbnail popis\" alt=\"\" loading=\"lazy\" style=\"\" title=\"\" \/>\n                  <\/a>\n              \n              \n            <\/td>\n\n          \n         \n             <td class=\"agregacija\">\n              <a href=\"https:\/\/knezevi-vinogradi.hr\/udruga\/reformirana-crkvena-opcina-u-kamencu\/\">Reformirana crkvena op\u0107ina u Kamencu<\/a><br\/>\n              \n                  <a href=\"https:\/\/knezevi-vinogradi.hr\/udruga\/reformirana-crkvena-opcina-u-kamencu\/\">\n                   <img width=\"150\" height=\"150\" src=\"https:\/\/knezevi-vinogradi.hr\/wp-content\/uploads\/2015\/09\/Kamenac-150x150.jpg\" class=\"attachment-thumbnail popis\" alt=\"\" loading=\"lazy\" style=\"\" title=\"\" \/>\n                  <\/a>\n              \n              \n            <\/td>\n          <\/tr>\n         \n         \n         \n          <tr>\n            <td class=\"agregacija\">\n              <a href=\"https:\/\/knezevi-vinogradi.hr\/udruga\/reformirana-crkvena-opcina-u-karancu\/\">Reformirana crkvena op\u0107ina u Karancu<\/a><br\/>\n              \n                  <a href=\"https:\/\/knezevi-vinogradi.hr\/udruga\/reformirana-crkvena-opcina-u-karancu\/\">\n                   <img width=\"150\" height=\"150\" src=\"https:\/\/knezevi-vinogradi.hr\/wp-content\/uploads\/2015\/09\/01-1-150x150.jpg\" class=\"attachment-thumbnail popis\" alt=\"\" loading=\"lazy\" style=\"\" title=\"\" \/>\n                  <\/a>\n              \n              \n            <\/td>\n     \n          \n         \n             <td class=\"agregacija\">\n              <a href=\"https:\/\/knezevi-vinogradi.hr\/udruga\/reformirana-crkvena-opcina-u-kotlini\/\">Reformirana crkvena op\u0107ina u Kotlini<\/a><br\/>\n              \n                  <a href=\"https:\/\/knezevi-vinogradi.hr\/udruga\/reformirana-crkvena-opcina-u-kotlini\/\">\n                   <img width=\"150\" height=\"150\" src=\"https:\/\/knezevi-vinogradi.hr\/wp-content\/uploads\/2015\/09\/kotlina-150x150.png\" class=\"attachment-thumbnail popis\" alt=\"\" loading=\"lazy\" style=\"\" title=\"\" \/>\n                  <\/a>\n              \n              \n            <\/td>\n\n          \n         \n             <td class=\"agregacija\">\n              <a href=\"https:\/\/knezevi-vinogradi.hr\/udruga\/rimokatolicka-crkva-nasasca-sv-kriza-u-zmajevcu\/\">Rimokatoli\u010dka crkva Na\u0161a\u0161\u0107a Sv. Kri\u017ea u Zmajevcu<\/a><br\/>\n              \n                  <a href=\"https:\/\/knezevi-vinogradi.hr\/udruga\/rimokatolicka-crkva-nasasca-sv-kriza-u-zmajevcu\/\">\n                   <img width=\"150\" height=\"150\" src=\"https:\/\/knezevi-vinogradi.hr\/wp-content\/uploads\/2015\/09\/IMG_3232-150x150.jpg\" class=\"attachment-thumbnail popis\" alt=\"\" loading=\"lazy\" style=\"\" title=\"\" \/>\n                  <\/a>\n              \n              \n            <\/td>\n\n          \n         \n             <td class=\"agregacija\">\n              <a href=\"https:\/\/knezevi-vinogradi.hr\/udruga\/rimokatolicka-crkva-sv-antuna-u-suzi\/\">Rimokatoli\u010dka crkva Sv. Antuna u Suzi<\/a><br\/>\n              \n                  <a href=\"https:\/\/knezevi-vinogradi.hr\/udruga\/rimokatolicka-crkva-sv-antuna-u-suzi\/\">\n                   <img width=\"150\" height=\"150\" src=\"https:\/\/knezevi-vinogradi.hr\/wp-content\/uploads\/2015\/09\/IMG_5633-150x150.jpg\" class=\"attachment-thumbnail popis\" alt=\"\" loading=\"lazy\" style=\"\" title=\"\" \/>\n                  <\/a>\n              \n              \n            <\/td>\n          <\/tr>\n         \n         \n         \n          <tr>\n            <td class=\"agregacija\">\n              <a href=\"https:\/\/knezevi-vinogradi.hr\/udruga\/rimokatolicka-crkva-sv-donata-u-karancu\/\">Rimokatoli\u010dka crkva Sv. Donata u Karancu<\/a><br\/>\n              \n                  <a href=\"https:\/\/knezevi-vinogradi.hr\/udruga\/rimokatolicka-crkva-sv-donata-u-karancu\/\">\n                   <img width=\"150\" height=\"150\" src=\"https:\/\/knezevi-vinogradi.hr\/wp-content\/uploads\/2015\/09\/Rkt_Kar_01-150x150.jpg\" class=\"attachment-thumbnail popis\" alt=\"\" loading=\"lazy\" style=\"\" title=\"\" \/>\n                  <\/a>\n              \n              \n            <\/td>\n     \n          \n         \n             <td class=\"agregacija\">\n              <a href=\"https:\/\/knezevi-vinogradi.hr\/udruga\/rimokatolicka-zupna-crkva-sv-mihaela-arkandela-u-knezevim-vinogradima\/\">Rimokatoli\u010dka \u017eupna crkva Sv. Mihaela arkan\u0111ela u Kne\u017eevim Vinogradima<\/a><br\/>\n              \n                  <a href=\"https:\/\/knezevi-vinogradi.hr\/udruga\/rimokatolicka-zupna-crkva-sv-mihaela-arkandela-u-knezevim-vinogradima\/\">\n                   <img width=\"150\" height=\"150\" src=\"https:\/\/knezevi-vinogradi.hr\/wp-content\/uploads\/2015\/09\/06-150x150.jpg\" class=\"attachment-thumbnail popis\" alt=\"\" loading=\"lazy\" style=\"\" title=\"\" \/>\n                  <\/a>\n              \n              \n            <\/td>\n\n          \n         \n             <td class=\"agregacija\">\n              <a href=\"https:\/\/knezevi-vinogradi.hr\/udruga\/srpska-pravoslavna-crkva-vavedenja-presvete-bogorodice\/\">Srpska pravoslavna crkva Vavedenja Presvete Bogorodice<\/a><br\/>\n              \n                  <a href=\"https:\/\/knezevi-vinogradi.hr\/udruga\/srpska-pravoslavna-crkva-vavedenja-presvete-bogorodice\/\">\n                   <img width=\"150\" height=\"150\" src=\"https:\/\/knezevi-vinogradi.hr\/wp-content\/uploads\/2015\/09\/IMG_5122-150x150.jpg\" class=\"attachment-thumbnail popis\" alt=\"\" loading=\"lazy\" style=\"\" title=\"\" \/>\n                  <\/a>\n              \n              \n            <\/td>\n\n          \n         \n             <td class=\"agregacija\">\n              <a href=\"https:\/\/knezevi-vinogradi.hr\/udruga\/srpska-pravoslavna-crkvena-opcina-karanac\/\">Srpska pravoslavna crkvena op\u0107ina Karanac<\/a><br\/>\n              \n                  <a href=\"https:\/\/knezevi-vinogradi.hr\/udruga\/srpska-pravoslavna-crkvena-opcina-karanac\/\">\n                   <img width=\"150\" height=\"150\" src=\"https:\/\/knezevi-vinogradi.hr\/wp-content\/uploads\/2015\/09\/pravoslavna_karanac-150x150.jpg\" class=\"attachment-thumbnail popis\" alt=\"\" loading=\"lazy\" style=\"\" title=\"\" \/>\n                  <\/a>\n              \n              \n            <\/td>\n          <\/tr>\n         \n         \n         \n          <tr>\n            <td class=\"agregacija\">\n              <a href=\"https:\/\/knezevi-vinogradi.hr\/udruga\/zupna-kapela-imena-marijina-u-kotlini\/\">\u017dupna kapela Imena Marijina u Kotlini<\/a><br\/>\n              \n                  <a href=\"https:\/\/knezevi-vinogradi.hr\/udruga\/zupna-kapela-imena-marijina-u-kotlini\/\">\n                   <img width=\"150\" height=\"150\" src=\"https:\/\/knezevi-vinogradi.hr\/wp-content\/uploads\/2013\/12\/Rkt_Kot_01-160x160.jpg\" class=\"attachment-thumbnail popis\" alt=\"\" loading=\"lazy\" style=\"\" title=\"\" \/>\n                  <\/a>\n              \n              \n            <\/td>\n     \n          \n         \n             <td class=\"agregacija\">\n              <a href=\"https:\/\/knezevi-vinogradi.hr\/udruga\/zupna-kapelica-mirkovac\/\">\u017dupna kapelica, Mirkovac<\/a><br\/>\n              \n                  <a href=\"https:\/\/knezevi-vinogradi.hr\/udruga\/zupna-kapelica-mirkovac\/\">\n                   <img width=\"150\" height=\"150\" src=\"https:\/\/knezevi-vinogradi.hr\/wp-content\/uploads\/2015\/09\/Rkt_Mir_01-160x160-150x150.jpg\" class=\"attachment-thumbnail popis\" alt=\"\" loading=\"lazy\" style=\"\" title=\"\" srcset=\"https:\/\/knezevi-vinogradi.hr\/wp-content\/uploads\/2015\/09\/Rkt_Mir_01-160x160-150x150.jpg 150w, https:\/\/knezevi-vinogradi.hr\/wp-content\/uploads\/2015\/09\/Rkt_Mir_01-160x160.jpg 160w\" sizes=\"(max-width: 150px) 100vw, 150px\" \/>\n                  <\/a>\n              \n              \n            <\/td>\n\n          \n            <td><\/td> \n         \n            <td><\/td>\n        <\/tr> \n      \n   <\/table>\n\t<!-- wpv-loop-end -->\n\t\n\t\n\n\n<form autocomplete=\"off\" name=\"wpv-filter-4467-40cd750bba9870f18aada2478b24840a\" action=\"https:\/\/knezevi-vinogradi.hr\/sr\/religija\/\" method=\"get\" class=\"wpv-filter-form js-wpv-filter-form js-wpv-filter-form-4467-40cd750bba9870f18aada2478b24840a js-wpv-form-full\" data-viewnumber=\"4467-40cd750bba9870f18aada2478b24840a\" data-viewid=\"4467\"><input type=\"hidden\" class=\"js-wpv-dps-filter-data js-wpv-filter-data-for-this-form\" data-action=\"https:\/\/knezevi-vinogradi.hr\/sr\/religija\/\" data-page=\"1\" data-ajax=\"disable\" data-effect=\"fade\" data-maxpages=\"1\" data-ajaxprebefore=\"\" data-ajaxbefore=\"\" data-ajaxafter=\"\" \/><input id=\"wpv_paged_max-4467-40cd750bba9870f18aada2478b24840a\" type=\"hidden\" name=\"wpv_paged_max\" value=\"1\" \/><input id=\"wpv_paged_preload_reach-4467-40cd750bba9870f18aada2478b24840a\" type=\"hidden\" name=\"wpv_paged_preload_reach\" value=\"1\" \/><input id=\"wpv_widget_view-4467-40cd750bba9870f18aada2478b24840a\" type=\"hidden\" name=\"wpv_widget_view_id\" value=\"0\" \/><input id=\"wpv_view_count-4467-40cd750bba9870f18aada2478b24840a\" type=\"hidden\" name=\"wpv_view_count\" value=\"4467-40cd750bba9870f18aada2478b24840a\" \/><input id=\"wpv_view_hash-4467-40cd750bba9870f18aada2478b24840a\" type=\"hidden\" name=\"wpv_view_hash\" value=\"eyJuYW1lIjoiUmVsaWdpamEifQ==\" \/><input id=\"wpv_post_id-4467-40cd750bba9870f18aada2478b24840a\" type=\"hidden\" name=\"wpv_post_id\" value=\"8715\" class=\"js-wpv-keep-on-clear\" \/>\n\n\n\u00a0\u00a0\u00a0\n\n\n\n<\/form>\n","protected":false},"excerpt":{"rendered":"\u00a0\u00a0\u00a0 Reformatska crkva u Kne\u017eevim Vinogradima Reformatska crkva u Suzi Reformatska crkva u Zmajevcu Reformirana crkvena op\u0107ina u Kamencu Reformirana crkvena op\u0107ina u Karancu Reformirana crkvena op\u0107ina u Kotlini Rimokatoli\u010dka crkva Na\u0161a\u0161\u0107a Sv. Kri\u017ea u Zmajevcu Rimokatoli\u010dka crkva Sv. Antuna u Suzi Rimokatoli\u010dka crkva Sv. Donata u Karancu Rimokatoli\u010dka \u017eupna crkva Sv. Mihaela arkan\u0111ela u [...]","protected":false},"author":4,"featured_media":0,"parent":0,"menu_order":0,"comment_status":"closed","ping_status":"closed","template":"","meta":[],"_links":{"self":[{"href":"https:\/\/knezevi-vinogradi.hr\/sr\/wp-json\/wp\/v2\/pages\/8715\/"}],"collection":[{"href":"https:\/\/knezevi-vinogradi.hr\/sr\/wp-json\/wp\/v2\/pages\/"}],"about":[{"href":"https:\/\/knezevi-vinogradi.hr\/sr\/wp-json\/wp\/v2\/types\/page\/"}],"author":[{"embeddable":true,"href":"https:\/\/knezevi-vinogradi.hr\/sr\/wp-json\/wp\/v2\/users\/4\/"}],"replies":[{"embeddable":true,"href":"https:\/\/knezevi-vinogradi.hr\/sr\/wp-json\/wp\/v2\/comments\/?post=8715"}],"version-history":[{"count":1,"href":"https:\/\/knezevi-vinogradi.hr\/sr\/wp-json\/wp\/v2\/pages\/8715\/revisions\/"}],"predecessor-version":[{"id":8721,"href":"https:\/\/knezevi-vinogradi.hr\/sr\/wp-json\/wp\/v2\/pages\/8715\/revisions\/8721\/"}],"wp:attachment":[{"href":"https:\/\/knezevi-vinogradi.hr\/sr\/wp-json\/wp\/v2\/media\/?parent=8715"}],"curies":[{"name":"wp","href":"https:\/\/api.w.org\/{rel}","templated":true}]}}